{"id":840,"date":"2020-05-26T10:48:28","date_gmt":"2020-05-26T14:48:28","guid":{"rendered":"https:\/\/musico.cl\/sitio\/?page_id=840"},"modified":"2023-02-17T01:45:51","modified_gmt":"2023-02-17T04:45:51","slug":"ensamble-sargam","status":"publish","type":"page","link":"https:\/\/musico.cl\/sitio\/?page_id=840","title":{"rendered":"Ensamble Sargam"},"content":{"rendered":"\t\t<div data-elementor-type=\"wp-page\" data-elementor-id=\"840\" class=\"elementor elementor-840\">\n\t\t\t\t\t\t<section class=\"elementor-section elementor-top-section elementor-element elementor-element-100306e elementor-section-boxed elementor-section-height-default elementor-section-height-default\" data-id=\"100306e\" data-element_type=\"section\" data-settings=\"{&quot;background_background&quot;:&quot;video&quot;,&quot;background_video_link&quot;:&quot;https:\\\/\\\/youtu.be\\\/hZE8xoGA4Do&quot;,&quot;background_video_start&quot;:795,&quot;background_video_end&quot;:830,&quot;background_play_on_mobile&quot;:&quot;yes&quot;}\">\n\t\t\t\t\t\t\t\t<div class=\"elementor-background-video-container\">\n\t\t\t\t\t\t\t\t\t\t\t\t\t<div class=\"elementor-background-video-embed\"><\/div>\n\t\t\t\t\t\t\t\t\t\t\t\t<\/div>\n\t\t\t\t\t\t\t\t\t<div class=\"elementor-background-overlay\"><\/div>\n\t\t\t\t\t\t\t<div class=\"elementor-container elementor-column-gap-no\">\n\t\t\t\t\t<div class=\"elementor-column elementor-col-100 elementor-top-column elementor-element elementor-element-ca77e67\" data-id=\"ca77e67\" data-element_type=\"column\" data-settings=\"{&quot;background_background&quot;:&quot;classic&quot;}\">\n\t\t\t<div class=\"elementor-widget-wrap elementor-element-populated\">\n\t\t\t\t\t\t<div class=\"elementor-element elementor-element-cda13e2 elementor-widget elementor-widget-heading\" data-id=\"cda13e2\" data-element_type=\"widget\" data-widget_type=\"heading.default\">\n\t\t\t\t<div class=\"elementor-widget-container\">\n\t\t\t<h4 class=\"elementor-heading-title elementor-size-default\">Ensamble Sargam<\/h4>\t\t<\/div>\n\t\t\t\t<\/div>\n\t\t\t\t\t<\/div>\n\t\t<\/div>\n\t\t\t\t\t<\/div>\n\t\t<\/section>\n\t\t\t\t<section class=\"elementor-section elementor-top-section elementor-element elementor-element-752f8f1 elementor-section-boxed elementor-section-height-default elementor-section-height-default\" data-id=\"752f8f1\" data-element_type=\"section\">\n\t\t\t\t\t\t<div class=\"elementor-container elementor-column-gap-no\">\n\t\t\t\t\t<div class=\"elementor-column elementor-col-100 elementor-top-column elementor-element elementor-element-f6a5384\" data-id=\"f6a5384\" data-element_type=\"column\">\n\t\t\t<div class=\"elementor-widget-wrap elementor-element-populated\">\n\t\t\t\t\t\t<div class=\"elementor-element elementor-element-43e342a elementor-widget elementor-widget-heading\" data-id=\"43e342a\" data-element_type=\"widget\" data-widget_type=\"heading.default\">\n\t\t\t\t<div class=\"elementor-widget-container\">\n\t\t\t<p class=\"elementor-heading-title elementor-size-default\">Ensamble SARGAM, tiene una trayectoria musical de m\u00e1s de 25 a\u00f1os ofreciendo conciertos de m\u00fasica cl\u00e1sica del norte de India.  Su m\u00fasica nos evoca los sonidos milenarios de la m\u00fasica hind\u00fa, conect\u00e1ndonos  con nuestro interior profundo a trav\u00e9s de la audici\u00f3n y goce est\u00e9tico del Raga, su principal forma musical.<br><\/p>\t\t<\/div>\n\t\t\t\t<\/div>\n\t\t\t\t<div class=\"elementor-element elementor-element-83a5471 gallery-spacing-custom elementor-widget elementor-widget-image-gallery\" data-id=\"83a5471\" data-element_type=\"widget\" data-widget_type=\"image-gallery.default\">\n\t\t\t\t<div class=\"elementor-widget-container\">\n\t\t\t\t\t<div class=\"elementor-image-gallery\">\n\t\t\t<div id='gallery-1' class='gallery galleryid-840 gallery-columns-3 gallery-size-large'><figure class='gallery-item'>\n\t\t\t<div class='gallery-icon landscape'>\n\t\t\t\t<a data-elementor-open-lightbox=\"yes\" data-elementor-lightbox-slideshow=\"83a5471\" data-elementor-lightbox-title=\"tomas thayer musico\" data-e-action-hash=\"#elementor-action%3Aaction%3Dlightbox%26settings%3DeyJpZCI6MTA3OSwidXJsIjoiaHR0cHM6XC9cL211c2ljby5jbFwvc2l0aW9cL3dwLWNvbnRlbnRcL3VwbG9hZHNcLzIwMjJcLzA5XC90b21hcy10aGF5ZXItbXVzaWNvLnBuZyIsInNsaWRlc2hvdyI6IjgzYTU0NzEifQ%3D%3D\" href='https:\/\/musico.cl\/sitio\/wp-content\/uploads\/2022\/09\/tomas-thayer-musico.png'><img fetchpriority=\"high\" decoding=\"async\" width=\"788\" height=\"782\" src=\"https:\/\/musico.cl\/sitio\/wp-content\/uploads\/2022\/09\/tomas-thayer-musico.png\" class=\"attachment-large size-large\" alt=\"\" aria-describedby=\"gallery-1-1079\" srcset=\"https:\/\/musico.cl\/sitio\/wp-content\/uploads\/2022\/09\/tomas-thayer-musico.png 788w, https:\/\/musico.cl\/sitio\/wp-content\/uploads\/2022\/09\/tomas-thayer-musico-300x298.png 300w, https:\/\/musico.cl\/sitio\/wp-content\/uploads\/2022\/09\/tomas-thayer-musico-150x150.png 150w, https:\/\/musico.cl\/sitio\/wp-content\/uploads\/2022\/09\/tomas-thayer-musico-768x762.png 768w\" sizes=\"(max-width: 788px) 100vw, 788px\" \/><\/a>\n\t\t\t<\/div>\n\t\t\t\t<figcaption class='wp-caption-text gallery-caption' id='gallery-1-1079'>\n\t\t\t\tTom\u00e1s Thayer -Bansuri (2012)\n\t\t\t\t<\/figcaption><\/figure><figure class='gallery-item'>\n\t\t\t<div class='gallery-icon landscape'>\n\t\t\t\t<a data-elementor-open-lightbox=\"yes\" data-elementor-lightbox-slideshow=\"83a5471\" data-elementor-lightbox-title=\"Presentaciones en vivo de Tom\u00e1s Thayer\" data-e-action-hash=\"#elementor-action%3Aaction%3Dlightbox%26settings%3DeyJpZCI6ODU5LCJ1cmwiOiJodHRwczpcL1wvbXVzaWNvLmNsXC9zaXRpb1wvd3AtY29udGVudFwvdXBsb2Fkc1wvMjAyMlwvMDlcL3NhcmdhbS0xLmpwZyIsInNsaWRlc2hvdyI6IjgzYTU0NzEifQ%3D%3D\" data-elementor-lightbox-description=\"Presentaciones en vivo de Tom\u00e1s Thayer\" href='https:\/\/musico.cl\/sitio\/wp-content\/uploads\/2022\/09\/sargam-1.jpg'><img decoding=\"async\" width=\"1024\" height=\"573\" src=\"https:\/\/musico.cl\/sitio\/wp-content\/uploads\/2022\/09\/sargam-1-1024x573.jpg\" class=\"attachment-large size-large\" alt=\"Presentaciones en vivo de Tom\u00e1s Thayer\" aria-describedby=\"gallery-1-859\" srcset=\"https:\/\/musico.cl\/sitio\/wp-content\/uploads\/2022\/09\/sargam-1-1024x573.jpg 1024w, https:\/\/musico.cl\/sitio\/wp-content\/uploads\/2022\/09\/sargam-1-300x168.jpg 300w, https:\/\/musico.cl\/sitio\/wp-content\/uploads\/2022\/09\/sargam-1-768x430.jpg 768w, https:\/\/musico.cl\/sitio\/wp-content\/uploads\/2022\/09\/sargam-1-1536x859.jpg 1536w, https:\/\/musico.cl\/sitio\/wp-content\/uploads\/2022\/09\/sargam-1.jpg 1920w\" sizes=\"(max-width: 1024px) 100vw, 1024px\" \/><\/a>\n\t\t\t<\/div>\n\t\t\t\t<figcaption class='wp-caption-text gallery-caption' id='gallery-1-859'>\n\t\t\t\tLalita Leo Mu\u00f1oz (Sarod); Antonia Schmidt Tambura &#8211; Ud\u00fa; F. San Miguel (Tabla)- 2022 (UFRO- Temuco)\n\t\t\t\t<\/figcaption><\/figure><figure class='gallery-item'>\n\t\t\t<div class='gallery-icon landscape'>\n\t\t\t\t<a data-elementor-open-lightbox=\"yes\" data-elementor-lightbox-slideshow=\"83a5471\" data-elementor-lightbox-title=\"sargam-3\" data-e-action-hash=\"#elementor-action%3Aaction%3Dlightbox%26settings%3DeyJpZCI6ODYxLCJ1cmwiOiJodHRwczpcL1wvbXVzaWNvLmNsXC9zaXRpb1wvd3AtY29udGVudFwvdXBsb2Fkc1wvMjAyMlwvMDlcL3NhcmdhbS0zLmpwZyIsInNsaWRlc2hvdyI6IjgzYTU0NzEifQ%3D%3D\" data-elementor-lightbox-description=\"Presentaciones en vivo de Tom\u00e1s Thayer\" href='https:\/\/musico.cl\/sitio\/wp-content\/uploads\/2022\/09\/sargam-3.jpg'><img decoding=\"async\" width=\"1024\" height=\"680\" src=\"https:\/\/musico.cl\/sitio\/wp-content\/uploads\/2022\/09\/sargam-3-1024x680.jpg\" class=\"attachment-large size-large\" alt=\"\" aria-describedby=\"gallery-1-861\" srcset=\"https:\/\/musico.cl\/sitio\/wp-content\/uploads\/2022\/09\/sargam-3-1024x680.jpg 1024w, https:\/\/musico.cl\/sitio\/wp-content\/uploads\/2022\/09\/sargam-3-300x199.jpg 300w, https:\/\/musico.cl\/sitio\/wp-content\/uploads\/2022\/09\/sargam-3-768x510.jpg 768w, https:\/\/musico.cl\/sitio\/wp-content\/uploads\/2022\/09\/sargam-3-1536x1020.jpg 1536w, https:\/\/musico.cl\/sitio\/wp-content\/uploads\/2022\/09\/sargam-3.jpg 1920w\" sizes=\"(max-width: 1024px) 100vw, 1024px\" \/><\/a>\n\t\t\t<\/div>\n\t\t\t\t<figcaption class='wp-caption-text gallery-caption' id='gallery-1-861'>\n\t\t\t\tPedro Lira (Tambura) Merly Donoso (Tabla) &#8211; 2006 CentroCultural de las Condes\n\t\t\t\t<\/figcaption><\/figure><figure class='gallery-item'>\n\t\t\t<div class='gallery-icon landscape'>\n\t\t\t\t<a data-elementor-open-lightbox=\"yes\" data-elementor-lightbox-slideshow=\"83a5471\" data-elementor-lightbox-title=\"sargam-4\" data-e-action-hash=\"#elementor-action%3Aaction%3Dlightbox%26settings%3DeyJpZCI6ODYyLCJ1cmwiOiJodHRwczpcL1wvbXVzaWNvLmNsXC9zaXRpb1wvd3AtY29udGVudFwvdXBsb2Fkc1wvMjAyMlwvMDlcL3NhcmdhbS00LmpwZyIsInNsaWRlc2hvdyI6IjgzYTU0NzEifQ%3D%3D\" data-elementor-lightbox-description=\"Presentaciones en vivo de Tom\u00e1s Thayer\" href='https:\/\/musico.cl\/sitio\/wp-content\/uploads\/2022\/09\/sargam-4.jpg'><img loading=\"lazy\" decoding=\"async\" width=\"1024\" height=\"675\" src=\"https:\/\/musico.cl\/sitio\/wp-content\/uploads\/2022\/09\/sargam-4-1024x675.jpg\" class=\"attachment-large size-large\" alt=\"\" aria-describedby=\"gallery-1-862\" srcset=\"https:\/\/musico.cl\/sitio\/wp-content\/uploads\/2022\/09\/sargam-4-1024x675.jpg 1024w, https:\/\/musico.cl\/sitio\/wp-content\/uploads\/2022\/09\/sargam-4-300x198.jpg 300w, https:\/\/musico.cl\/sitio\/wp-content\/uploads\/2022\/09\/sargam-4-768x506.jpg 768w, https:\/\/musico.cl\/sitio\/wp-content\/uploads\/2022\/09\/sargam-4-1536x1012.jpg 1536w, https:\/\/musico.cl\/sitio\/wp-content\/uploads\/2022\/09\/sargam-4.jpg 1920w\" sizes=\"(max-width: 1024px) 100vw, 1024px\" \/><\/a>\n\t\t\t<\/div>\n\t\t\t\t<figcaption class='wp-caption-text gallery-caption' id='gallery-1-862'>\n\t\t\t\tFrancisco San Miguel (Tabla)\n\t\t\t\t<\/figcaption><\/figure><figure class='gallery-item'>\n\t\t\t<div class='gallery-icon landscape'>\n\t\t\t\t<a data-elementor-open-lightbox=\"yes\" data-elementor-lightbox-slideshow=\"83a5471\" data-elementor-lightbox-title=\"sargam-5\" data-e-action-hash=\"#elementor-action%3Aaction%3Dlightbox%26settings%3DeyJpZCI6ODYzLCJ1cmwiOiJodHRwczpcL1wvbXVzaWNvLmNsXC9zaXRpb1wvd3AtY29udGVudFwvdXBsb2Fkc1wvMjAyMlwvMDlcL3NhcmdhbS01LmpwZyIsInNsaWRlc2hvdyI6IjgzYTU0NzEifQ%3D%3D\" data-elementor-lightbox-description=\"Presentaciones en vivo de Tom\u00e1s Thayer\" href='https:\/\/musico.cl\/sitio\/wp-content\/uploads\/2022\/09\/sargam-5.jpg'><img loading=\"lazy\" decoding=\"async\" width=\"1024\" height=\"571\" src=\"https:\/\/musico.cl\/sitio\/wp-content\/uploads\/2022\/09\/sargam-5-1024x571.jpg\" class=\"attachment-large size-large\" alt=\"\" aria-describedby=\"gallery-1-863\" srcset=\"https:\/\/musico.cl\/sitio\/wp-content\/uploads\/2022\/09\/sargam-5-1024x571.jpg 1024w, https:\/\/musico.cl\/sitio\/wp-content\/uploads\/2022\/09\/sargam-5-300x167.jpg 300w, https:\/\/musico.cl\/sitio\/wp-content\/uploads\/2022\/09\/sargam-5-768x428.jpg 768w, https:\/\/musico.cl\/sitio\/wp-content\/uploads\/2022\/09\/sargam-5-1536x857.jpg 1536w, https:\/\/musico.cl\/sitio\/wp-content\/uploads\/2022\/09\/sargam-5.jpg 1920w\" sizes=\"(max-width: 1024px) 100vw, 1024px\" \/><\/a>\n\t\t\t<\/div>\n\t\t\t\t<figcaption class='wp-caption-text gallery-caption' id='gallery-1-863'>\n\t\t\t\tConcierto enero 2019 Sala SCD; Juan Gronemeyer (Tabla) Juan Elgueda Mridangam\n\t\t\t\t<\/figcaption><\/figure><figure class='gallery-item'>\n\t\t\t<div class='gallery-icon landscape'>\n\t\t\t\t<a data-elementor-open-lightbox=\"yes\" data-elementor-lightbox-slideshow=\"83a5471\" data-elementor-lightbox-title=\"sargam-2\" data-e-action-hash=\"#elementor-action%3Aaction%3Dlightbox%26settings%3DeyJpZCI6ODYwLCJ1cmwiOiJodHRwczpcL1wvbXVzaWNvLmNsXC9zaXRpb1wvd3AtY29udGVudFwvdXBsb2Fkc1wvMjAyMlwvMDlcL3NhcmdhbS0yLmpwZyIsInNsaWRlc2hvdyI6IjgzYTU0NzEifQ%3D%3D\" data-elementor-lightbox-description=\"Presentaciones en vivo de Tom\u00e1s Thayer\" href='https:\/\/musico.cl\/sitio\/wp-content\/uploads\/2022\/09\/sargam-2.jpg'><img loading=\"lazy\" decoding=\"async\" width=\"1024\" height=\"637\" src=\"https:\/\/musico.cl\/sitio\/wp-content\/uploads\/2022\/09\/sargam-2-1024x637.jpg\" class=\"attachment-large size-large\" alt=\"\" aria-describedby=\"gallery-1-860\" srcset=\"https:\/\/musico.cl\/sitio\/wp-content\/uploads\/2022\/09\/sargam-2-1024x637.jpg 1024w, https:\/\/musico.cl\/sitio\/wp-content\/uploads\/2022\/09\/sargam-2-300x187.jpg 300w, https:\/\/musico.cl\/sitio\/wp-content\/uploads\/2022\/09\/sargam-2-768x478.jpg 768w, https:\/\/musico.cl\/sitio\/wp-content\/uploads\/2022\/09\/sargam-2-1536x955.jpg 1536w, https:\/\/musico.cl\/sitio\/wp-content\/uploads\/2022\/09\/sargam-2.jpg 1920w\" sizes=\"(max-width: 1024px) 100vw, 1024px\" \/><\/a>\n\t\t\t<\/div>\n\t\t\t\t<figcaption class='wp-caption-text gallery-caption' id='gallery-1-860'>\n\t\t\t\tD\u00fao Juan Elgueda (tabla)\n\t\t\t\t<\/figcaption><\/figure>\n\t\t<\/div>\n\t\t<\/div>\n\t\t\t\t<\/div>\n\t\t\t\t<\/div>\n\t\t\t\t\t<\/div>\n\t\t<\/div>\n\t\t\t\t\t<\/div>\n\t\t<\/section>\n\t\t\t\t<\/div>\n\t\t","protected":false},"excerpt":{"rendered":"<p>Ensamble Sargam Ensamble SARGAM, tiene una trayectoria musical de m\u00e1s de 25 a\u00f1os ofreciendo conciertos de m\u00fasica cl\u00e1sica del norte de India. Su m\u00fasica nos evoca los sonidos milenarios de la m\u00fasica hind\u00fa, conect\u00e1ndonos con nuestro interior profundo a trav\u00e9s de la audici\u00f3n y goce est\u00e9tico del Raga, su principal forma musical. Tom\u00e1s Thayer -Bansuri [&hellip;]<\/p>\n","protected":false},"author":1,"featured_media":0,"parent":0,"menu_order":0,"comment_status":"closed","ping_status":"closed","template":"full-width.php","meta":{"_acf_changed":false,"footnotes":""},"class_list":["post-840","page","type-page","status-publish","hentry"],"acf":[],"_links":{"self":[{"href":"https:\/\/musico.cl\/sitio\/index.php?rest_route=\/wp\/v2\/pages\/840","targetHints":{"allow":["GET"]}}],"collection":[{"href":"https:\/\/musico.cl\/sitio\/index.php?rest_route=\/wp\/v2\/pages"}],"about":[{"href":"https:\/\/musico.cl\/sitio\/index.php?rest_route=\/wp\/v2\/types\/page"}],"author":[{"embeddable":true,"href":"https:\/\/musico.cl\/sitio\/index.php?rest_route=\/wp\/v2\/users\/1"}],"replies":[{"embeddable":true,"href":"https:\/\/musico.cl\/sitio\/index.php?rest_route=%2Fwp%2Fv2%2Fcomments&post=840"}],"version-history":[{"count":34,"href":"https:\/\/musico.cl\/sitio\/index.php?rest_route=\/wp\/v2\/pages\/840\/revisions"}],"predecessor-version":[{"id":2353,"href":"https:\/\/musico.cl\/sitio\/index.php?rest_route=\/wp\/v2\/pages\/840\/revisions\/2353"}],"wp:attachment":[{"href":"https:\/\/musico.cl\/sitio\/index.php?rest_route=%2Fwp%2Fv2%2Fmedia&parent=840"}],"curies":[{"name":"wp","href":"https:\/\/api.w.org\/{rel}","templated":true}]}}