{"id":3560,"date":"2023-11-02T03:34:17","date_gmt":"2023-11-02T06:34:17","guid":{"rendered":"https:\/\/musico.cl\/sitio\/?page_id=3560"},"modified":"2026-02-17T10:45:45","modified_gmt":"2026-02-17T13:45:45","slug":"ragalab","status":"publish","type":"page","link":"https:\/\/musico.cl\/sitio\/?page_id=3560","title":{"rendered":"INVESTIGACION"},"content":{"rendered":"\t\t<div data-elementor-type=\"wp-page\" data-elementor-id=\"3560\" class=\"elementor elementor-3560\">\n\t\t\t\t\t\t<section class=\"elementor-section elementor-top-section elementor-element elementor-element-1ca75acd elementor-section-boxed elementor-section-height-default elementor-section-height-default\" data-id=\"1ca75acd\" data-element_type=\"section\">\n\t\t\t\t\t\t<div class=\"elementor-container elementor-column-gap-default\">\n\t\t\t\t\t<div class=\"elementor-column elementor-col-100 elementor-top-column elementor-element elementor-element-2c1aa6b2\" data-id=\"2c1aa6b2\" data-element_type=\"column\">\n\t\t\t<div class=\"elementor-widget-wrap elementor-element-populated\">\n\t\t\t\t\t\t<div class=\"elementor-element elementor-element-690c5a1 elementor-widget elementor-widget-text-editor\" data-id=\"690c5a1\" data-element_type=\"widget\" data-widget_type=\"text-editor.default\">\n\t\t\t\t<div class=\"elementor-widget-container\">\n\t\t\t\t\t\t\t<div>\n<p><strong style=\"color: #2c234d; font-family: 'EB Garamond'; font-size: 30px; text-align: center;\">Producci\u00f3n Acad\u00e9mica<\/strong><\/p>\n<p><a style=\"background-color: #ffffff;\" href=\"https:\/\/scholar.google.com\/citations?user=TJL7qBoAAAAJ&amp;hl=es\">Indicador Google Scholar<\/a><br><a style=\"background-color: #ffffff;\" href=\"https:\/\/orcid.org\/0000-0003-3987-3952\">Orcid<\/a><\/p>\n<div><span style=\"font-size: 11pt; line-height: 16.8667px; font-family: Arial, sans-serif;\">PUBLICACIONES<\/span><\/div>\n<p style=\"margin: 0cm 0cm 8pt; line-height: normal; font-size: 12pt; font-family: Aptos, sans-serif; color: rgb(0, 0, 0); text-align: start;\"><u1:p style=\"font-size: medium; font-weight: 400;\"><\/u1:p><span style=\"font-size: medium; font-weight: 400;\"><\/span><\/p>\n<h3>\n<\/h3>\n<p style=\"margin: 0cm; font-size: 12pt; font-family: Aptos, sans-serif; color: rgb(0, 0, 0); font-weight: 400;\"><span style=\"font-family: &quot;Times New Roman&quot;, serif;\">Lecaros Alvarado, A. F., Espinoza D\u00edaz, O. G., <b>Thayer-Morel, T<\/b>., &amp; Alvarado Ch\u00e1vez, M. E. (2025). Implementaci\u00f3n de la inteligencia artificial en la docencia de pregrado: Percepci\u00f3n de vicerrectores acad\u00e9micos de universidades estatales chilenas]. <em data-start=\"431\" data-end=\"474\">Revista Educaci\u00f3n Superior y Sociedad, 37<\/em>(1). En Prensa [<\/span><strong>ERIH Plus]<\/strong><b><span style=\"font-family: &quot;Times New Roman&quot;, serif;\"><o:p><\/o:p><\/span><\/b><\/p>\n<p><span style=\"color: rgba(0, 0, 0, 0.87); font-family: 'Noto Sans', -apple-system, 'system-ui', 'Segoe UI', Roboto, Oxygen-Sans, Ubuntu, Cantarell, 'Helvetica Neue', sans-serif; font-size: 14px; text-align: start;\">\u00c1lvarez Mu\u00f1oz, P. ., &amp; <b>Thayer Morel, T. .<\/b> (2024). Millapol Gajardo Acu\u00f1a (La Calera, 19 de julio de 1929 \u2013 Santiago de Chile, 30 de abril de 2024).&nbsp;<\/span><i style=\"color: rgba(0, 0, 0, 0.87); font-family: 'Noto Sans', -apple-system, 'system-ui', 'Segoe UI', Roboto, Oxygen-Sans, Ubuntu, Cantarell, 'Helvetica Neue', sans-serif; font-size: 14px; text-align: start;\">Revista Musical Chilena<\/i><span style=\"color: rgba(0, 0, 0, 0.87); font-family: 'Noto Sans', -apple-system, 'system-ui', 'Segoe UI', Roboto, Oxygen-Sans, Ubuntu, Cantarell, 'Helvetica Neue', sans-serif; font-size: 14px; text-align: start;\">,&nbsp;<\/span><i style=\"color: rgba(0, 0, 0, 0.87); font-family: 'Noto Sans', -apple-system, 'system-ui', 'Segoe UI', Roboto, Oxygen-Sans, Ubuntu, Cantarell, 'Helvetica Neue', sans-serif; font-size: 14px; text-align: start;\">78<\/i><span style=\"color: rgba(0, 0, 0, 0.87); font-family: 'Noto Sans', -apple-system, 'system-ui', 'Segoe UI', Roboto, Oxygen-Sans, Ubuntu, Cantarell, 'Helvetica Neue', sans-serif; font-size: 14px; text-align: start;\">(242), 228\u2013229. Descarga:&nbsp;<\/span><span style=\"color: rgba(0, 0, 0, 0.87); font-family: Noto Sans, -apple-system, system-ui, Segoe UI, Roboto, Oxygen-Sans, Ubuntu, Cantarell, Helvetica Neue, sans-serif;\"><span style=\"font-size: 14px;\">https:\/\/revistamusicalchilena.uchile.cl\/index.php\/RMCH\/article\/view\/76224<\/span><\/span><\/p>\n<p>\u00c1lamos-G\u00f3mez, J., Oyanedel, M., Merino, C., &amp; <strong>Thayer-Morel, T.<\/strong> (2023). Desarrollo de la entonaci\u00f3n en instrumentos de cuerda frotada: Un estudio descriptivo-exploratorio con profesorado especialista chileno<em>. <\/em><em>M\u00fasica Hodie&nbsp; [Scopus] Enlace : <a href=\"https:\/\/revistas.ufg.br\/musica\/article\/view\/76346\">https:\/\/revistas.ufg.br\/musica\/article\/view\/76346<b>&nbsp; &nbsp;<\/b><\/a><\/em><b>[Scopus Q2]<\/b><\/p>\n<p><strong>Thayer, T.,<\/strong> Tejada, J., &amp; Murillo, A. (2021). La formaci\u00f3n tecnol\u00f3gica del profesorado de m\u00fasica en Educaci\u00f3n Secundaria. Un estudio de intervenci\u00f3n basado en la integraci\u00f3n de contenidos musicales, tecnol\u00f3gicos y pedag\u00f3gicos en la Universidad de Valencia.&nbsp;<i>Revista Electr\u00f3nica Interuniversitaria de Formaci\u00f3n del Profesorado<\/i>,&nbsp;<i>24<\/i>(3). https:\/\/doi.org\/10.6018\/reifop.442501 <a href=\"https:\/\/revistas.um.es\/reifop\/article\/view\/442501\">descarga &nbsp;<\/a><strong>[Scopus Q1]<\/strong><\/p>\n<p>Tejada, J. y <strong>Thayer, T.<\/strong> (2019). Design and validation of a music technology course for initial music teacher education based on the TPACK framework and the Project-Based Learning approach. Journal of Music, Technology and Education<strong> [Scopus Q1]<\/strong><\/p>\n<p>Tejada, J.,&nbsp;<strong>Thayer, T<\/strong>., (2019). \u201cDise\u00f1o, implementaci\u00f3n y evaluaci\u00f3n de una intervenci\u00f3n de formaci\u00f3n en tecnolog\u00eda musical basada en TPACK y ABP en la formaci\u00f3n inicial del profesorado de m\u00fasica de Educaci\u00f3n Secundaria\u201d, RELATEC, (publicaci\u00f3n en prensa) [ECBI \u2013 WOS]<\/p>\n<p>Tejada, J.,<strong>&nbsp;Thayer, T<\/strong>., Arenas, M. (2020).\u201dEl desempe\u00f1o docente en educaci\u00f3n musical del profesorado generalista de chile. Un estudio mixto exploratorio\u201d Revista Didacticae, Universidad de Barcelona, (publicaci\u00f3n en prensa) [LatinIndex].<\/p>\n<p><strong>Thayer T.<\/strong>, Venegas-Thayer M. Alicia, Tejada J. (2019) \u201cAudioFractions. Design and evaluation of a software solution for the learning of Rational Numbers through music metaphors in Chilean Primary Education Journal of&nbsp; Teaching and Learning for Graduate Employabilit,&nbsp;<a href=\"https:\/\/openjournals.library.sydney.edu.au\/index.php\/CAL\/article\/view\/12446\">International Journal of Innovation in Science&nbsp; and Mathematics Education<\/a>&nbsp;Vol. 27 N\u00fam. 2 [Scopus]<\/p>\n<p><strong>Thayer T.,&nbsp;<\/strong>Venegas-Thayer M. Alicia, Tejada J. (2018) \u201cRecursos inform\u00e1ticos para el aprendizaje de las matem\u00e1ticas mediante met\u00e1foras musicales: el proceso de creaci\u00f3n y evaluaci\u00f3n de PicaLab. Revista Estudios Pedag\u00f3gicos UACH Vol. 44 N\u00fam. 1 (2018)&nbsp;<strong>[Scopus]<\/strong><\/p>\n<p>Venegas, A., Tejada, J., C\u00e1diz, R., Cuadra, P. D. L., <strong>Thayer-Morel<\/strong>, T., Lecaros, A., &amp; Petrovich, M. (2013). Audiogr\u00e1ficos: implementaci\u00f3n y evaluaci\u00f3n de un programa inform\u00e1tico para el aprendizaje de la interpretaci\u00f3n y representaci\u00f3n matem\u00e1tica de coordenadas a trav\u00e9s de la m\u00fasica y el sonido. <i>Revista electr\u00f3nica de Leeme, 2013, num. 32, p. 153-155<\/i>. <strong>[Scopus Q1]<\/strong><\/p>\n<p><strong>Thayer T.,<\/strong>&nbsp;(2010) \u201cM\u00fasica y Tecnolog\u00eda: Taller de Integraci\u00f3n de TIC \u0301S en el Aula de Educaci\u00f3n Musical\u201d, Revista de Humanidades y Ciencias Sociales, N\u00b0 27 CONTEXTO (P\u00e1ginas 109 \u2013 124); incluida en las bases de datos: (Latinindex, Dialnet y Clase]<\/p>\n<p><strong>Thayer, T<\/strong>., Tejada, J. C\u00e1diz, R., de la Cuadra, P., Ledermann, R. &amp; Petrovich, M. (2012). An interdisciplinary approach for mathematical education based on musical metaphors.&nbsp;<em>XVII Congreso Internacional de Inform\u00e1tica Educativa<\/em>, Santiago, Chile.; Octavo Volumen; Edici\u00f3n Digital; Departamento de Ciencias de la Computaci\u00f3n; Facultad de Ciencias F\u00edsicas y Matem\u00e1ticas; Universidad de Chile. Editor: Jaime S\u00e1nchez. Registro ISBM 978\u2013 956\u2013 190- 793- 5. [LatinIndex]<\/p>\n<p>Venegas, A., Tejada, J., C\u00e1diz, R., de la Cuadra, P.,&nbsp;<strong>Thayer, T<\/strong>., Lecaros, A. y Petrovich, M. (2013) \u201cAudiogr\u00e1ficos: implementaci\u00f3n y evaluaci\u00f3n de un programa inform\u00e1tico para el aprendizaje de la interpretaci\u00f3n y representaci\u00f3n matem\u00e1tica de coordenadas a trav\u00e9s de la m\u00fasica y el sonido\u201d. Revista Electr\u00f3nica de LEEME, 32. 135-155 [Scopus Q1]<\/p>\n<p><u>E<b>ditor de libro<\/b><\/u><\/p>\n<p>Murillo, Adolf &amp; Tejada, Jes\u00fas (coords.).<b> (2024)<\/b>. Encounters between music, education and technology. ARTSLAB, 4. Universitat de Val\u00e8ncia. &nbsp;. Editores: Adolf Murillo, Jes\u00fas Tejada, Pablo Mar\u00edn, M\u00aa Elena Ria\u00f1o, Adela Gonz\u00e1lez, Alba A\u00f1o, Rafel Arnal,<span style=\"font-weight: bolder;\">&nbsp;Tom\u00e1s Thayer.<\/span>&nbsp;DOI:&nbsp;<a href=\"https:\/\/dx.doi.org\/10.7203\/PUV-OA-727-0\" target=\"_blank\" rel=\"noopener\">10.7203\/PUV-OA-727-0&nbsp;<\/a><a href=\"https:\/\/roderic.uv.es\/items\/b1a78f3d-4b76-4def-9b6f-b46a84e16c54\">&nbsp;<\/a><a href=\"https:\/\/roderic.uv.es\/bitstreams\/2319d2ef-2bfc-4c9f-9fe1-91625bf9c181\/download\">Descarga<\/a><\/p>\n<p><u><span style=\"font-weight: bolder;\">Capitulo de Libro<\/span><br>Zu\u0301n\u0303ig<\/u>a E., Letelier, M., Leiva, R. y<span style=\"font-weight: bolder;\">&nbsp;Thayer, T. (2023)<\/span>. \u201c<em>Formacio\u0301n interdisciplinar en sustentabilidad: El caso del Minor en Transversalidad de la Universidad Metropolitana de Ciencias de la Educaci\u00f3n (UMCE)<\/em>\u201d<em>.<\/em>&nbsp;II Congreso Iberoamericano de Educaci\u00f3n para la Sustentabilidad en Educacio\u0301n Superior. Red Campus Sustentable. Santiago de Chile.&nbsp;<a href=\"https:\/\/editorial.utem.cl\/wp-content\/uploads\/sites\/3\/2024\/04\/libro-2congreso-sustentabilidad-web.pdf\">descargar<\/a><\/p>\n<p><strong><u>Proceedings<\/u><\/strong><\/p>\n<p><strong>Thayer, T.,<\/strong> &amp; Tejada, J. (2023). \u201cAnalysis of the Students&#8217; Imaginary About a Music Technology Following a TPACK-Based Educational Intervention. 17th International Technology, Education and Development Conference\u201d. <em>INTED 2023, Proceedings <\/em>(pp. 4294-4301). ISBN: 978-84-09-49026-4. ISSN: 2340-1079. doi: 10.21125\/inted.2023.1140 Enlace: <a href=\"https:\/\/library.iated.org\/view\/THAYER2023ANA\">https:\/\/library.iated.org\/view\/THAYER2023ANA<\/a><\/p>\n<p><strong>Thayer, T.,<\/strong> Petrovich, M., &amp; Albornoz C., A. (2023). \u201cRagaLab: An Experimental Prototype for Mathematical Exploration and Musical Modelling of Structures Based on Indian Classical Music Theory<em>\u201d<\/em>. <em>2023 Algorithmic Pattern Salon Conference Proceedings. U.K<\/em>. Disponible <a href=\"https:\/\/alpaca.pubpub.org\/pub\/6hd57q7r\/release\/1?readingCollection=1def0192\">https:\/\/alpaca.pubpub.org\/pub\/6hd57q7r\/release\/1?readingCollection=1def0192<\/a><\/p>\n<p><span style=\"color: #222222; font-family: Arial, sans-serif; font-size: 13px; text-align: left;\">Tejada, J., <b>Thayer, T<\/b>., Arenas, M., Merino, C., Ib\u00e1\u00f1ez, T., &amp; Oyanedel, M. (2018). MUPEB. AN ONLINE COURSE WITH INTEGRATED SOFTWARE FOR PRE-SERVICE MUSIC TRAINING OF NON-MUSIC PRIMARY TEACHERS IN CHILE. In&nbsp;<\/span><i style=\"color: #222222; font-family: Arial, sans-serif; font-size: 13px; text-align: left;\">INTED2018 Proceedings<\/i><span style=\"color: #222222; font-family: Arial, sans-serif; font-size: 13px; text-align: left;\">&nbsp;(pp. 1791-1798). IATED.&nbsp;<\/span><span style=\"color: #222222; font-family: Arial, sans-serif;\"><span style=\"font-size: 13px;\">https:\/\/library.iated.org\/view\/TEJADA2018MUP<br><\/span><\/span><\/p>\n<p><span style=\"color: #222222; text-align: left; font-family: Arial, sans-serif; font-size: 13px;\">T<b>hayer, T.<\/b>, Venegas, A., &amp; Tejada, J. (2018). USING MUSIC AS METAPHOR TO TEACHING RATIONAL NUMBERS THROUGH NEW DESIGNED SOFTWARE. THE CASE OF PICALAB-AUDIOFRACTIONS. In&nbsp;<\/span><i style=\"color: #222222; text-align: left; font-family: Arial, sans-serif; font-size: 13px;\">INTED2018 Proceedings<\/i><span style=\"color: #222222; text-align: left; font-family: Arial, sans-serif; font-size: 13px;\">&nbsp;(pp. 2487-2495). IATED.&nbsp;<\/span><span style=\"color: #222222; font-family: Arial, sans-serif;\"><span style=\"font-size: 13px;\">https:\/\/library.iated.org\/view\/THAYER2018USI<\/span><\/span><\/p>\n<p style=\"margin: 0cm 0cm 8pt; line-height: normal; font-size: 12pt; font-family: Aptos, sans-serif; color: rgb(0, 0, 0); text-align: start;\"><span style=\"font-family: &quot;Times New Roman&quot;, serif; background-image: initial; background-position: initial; background-size: initial; background-repeat: initial; background-attachment: initial; background-origin: initial; background-clip: initial;\"><u>Participaci\u00f3n en proyectos&nbsp; 2023 &#8211; 2025:<\/u><\/span><\/p>\n<h2 style=\"margin-top: 0cm; margin-right: 0cm; margin-left: 0cm; font-family: &quot;Times New Roman&quot;, serif; color: rgb(0, 0, 0); font-size: 12pt; line-height: 18.4px; background-image: initial; background-position: initial; background-size: initial; background-repeat: initial; background-attachment: initial; background-origin: initial; background-clip: initial;\"><span lang=\"EN-US\" style=\"font-weight: 400; font-size: 11pt; line-height: 16.8667px; font-family: Arial, sans-serif;\">Co-investigador en el proyecto \u201cFortalecimiento de la investigaci\u00f3n y la formaci\u00f3n avanzada en Educaci\u00f3n en el sistema de Universidades Estatales\u201d&nbsp;<\/span><span style=\"font-weight: 400; font-size: 11pt; line-height: 16.8667px; font-family: Arial, sans-serif;\">(RED 21995), en el marco del PFUE \u2013 Plan de Fortalecimiento de Universidades Estatales 2021, financiado por el Fondo de Estad\u00edas Posdoctorales 2023 del Ministerio de Educaci\u00f3n de Chile (MINEDUC).<\/span><\/h2>\n<div><span style=\"font-weight: 400; font-size: 11pt; line-height: 16.8667px; font-family: Arial, sans-serif;\"><br><\/span><\/div>\n<div><p><span style=\"font-weight: 400; font-size: 11pt; line-height: 16.8667px; font-family: Arial, sans-serif;\"><\/span><\/p>\n<p style=\"margin: 0cm; font-size: 12pt; font-family: Aptos, sans-serif; color: rgb(0, 0, 0); background-image: initial; background-position: initial; background-size: initial; background-repeat: initial; background-attachment: initial; background-origin: initial; background-clip: initial; vertical-align: baseline;\"><b><u><span style=\"font-family: &quot;Times New Roman&quot;, serif;\">Participaci\u00f3n en proyectos&nbsp; audiovisuales nacionales 2025<o:p><\/o:p><\/span><\/u><\/b><\/p>\n<p style=\"margin: 0cm; font-size: 12pt; font-family: Aptos, sans-serif; color: rgb(0, 0, 0); background-image: initial; background-position: initial; background-size: initial; background-repeat: initial; background-attachment: initial; background-origin: initial; background-clip: initial; vertical-align: baseline;\"><b><u><span style=\"font-family: &quot;Times New Roman&quot;, serif;\">&nbsp;&nbsp;<o:p><\/o:p><\/span><\/u><\/b><\/p>\n<p style=\"margin: 0cm; font-size: 12pt; font-family: Aptos, sans-serif; color: rgb(0, 0, 0); text-align: start; background-image: initial; background-position: initial; background-size: initial; background-repeat: initial; background-attachment: initial; background-origin: initial; background-clip: initial; vertical-align: baseline;\"><strong>1) Nombre del proyecto:<\/strong><span style=\"font-family: &quot;Times New Roman&quot;, serif;\"> <em>Los viajeros invisibles<o:p><\/o:p><\/em><\/span><\/p>\n<p style=\"margin: 0cm; font-size: 12pt; font-family: Aptos, sans-serif; color: rgb(0, 0, 0); text-align: start; background-image: initial; background-position: initial; background-size: initial; background-repeat: initial; background-attachment: initial; background-origin: initial; background-clip: initial; vertical-align: baseline;\"><strong>Fondo concursable:<\/strong><span style=\"font-family: &quot;Times New Roman&quot;, serif;\"> Consejo Nacional de Televisi\u00f3n, CNTV 2023 &#8211;&nbsp; 2025<br><strong>Direcci\u00f3n:<\/strong> Rub\u00e9n Miranda<br><strong>Producci\u00f3n:<\/strong> Jaime Herrera \/ The Magic Factory<br><b>G\u00e9nero: Serie animada 8 cap\u00edtulos.<o:p><\/o:p><\/b><\/span><\/p>\n<p style=\"margin: 0cm; font-size: 12pt; font-family: Aptos, sans-serif; color: rgb(0, 0, 0); text-align: start; background-image: initial; background-position: initial; background-size: initial; background-repeat: initial; background-attachment: initial; background-origin: initial; background-clip: initial; vertical-align: baseline;\"><b><span style=\"font-family: &quot;Times New Roman&quot;, serif;\">Transmisi\u00f3n TV abierta en la&nbsp; se\u00f1al abierta canal Cultural NTV. <\/span><\/b><span style=\"font-family: &quot;Times New Roman&quot;, serif;\">Segmento infantil para ni\u00f1as y ni\u00f1os de 7 a 12 a\u00f1os<br><strong>Rol:<\/strong> Compositor de la m\u00fasica de continuidad de la serie y &nbsp;representante de los derechos de autor de la sucesi\u00f3n Alicia Morel.<br><strong>Enlace oficial:<\/strong> <\/span><a href=\"https:\/\/cntv.cl\/catalogo-fondo-cntv\/los-viajeros-invisibles\/\" target=\"_new\" style=\"color: blue; text-decoration-line: underline;\"><span style=\"font-family: &quot;Times New Roman&quot;, serif; color: black;\">CNTV &#8211; Los viajeros invisibles<\/span><\/a><span style=\"font-family: &quot;Times New Roman&quot;, serif;\"> | <\/span><a href=\"https:\/\/www.themagicfactoryproducciones.cl\/home.html\" target=\"_new\" style=\"color: blue; text-decoration-line: underline;\"><span style=\"font-family: &quot;Times New Roman&quot;, serif; color: black;\">The Magic Factory<\/span><\/a><span style=\"font-family: &quot;Times New Roman&quot;, serif;\"><br><strong>Descripci\u00f3n:<\/strong> Serie de animaci\u00f3n dirigida a ni\u00f1as y ni\u00f1os de 7 a 12 a\u00f1os que narra la traves\u00eda de un grupo de duendes y elfos que, por accidente, se embarcan como pasajeros involuntarios en un barco de inmigrantes europeos que viaja a colonizar el sur de Chile (Valdivia) en el siglo XIX.<o:p><\/o:p><\/span><\/p>\n<p style=\"margin: 0cm 0cm 0cm 35.45pt; font-size: 12pt; font-family: Aptos, sans-serif; color: rgb(0, 0, 0); background-image: initial; background-position: initial; background-size: initial; background-repeat: initial; background-attachment: initial; background-origin: initial; background-clip: initial; vertical-align: baseline;\"><span style=\"font-family: &quot;Times New Roman&quot;, serif;\"><o:p>&nbsp;<\/o:p><\/span><\/p>\n<p style=\"margin: 0cm; font-size: 12pt; font-family: Aptos, sans-serif; color: rgb(0, 0, 0); background-image: initial; background-position: initial; background-size: initial; background-repeat: initial; background-attachment: initial; background-origin: initial; background-clip: initial; vertical-align: baseline;\"><b><span style=\"font-family: &quot;Times New Roman&quot;, serif;\">2) Nombre de proyecto:<\/span><\/b><span style=\"font-family: &quot;Times New Roman&quot;, serif;\"> <i>Filosof\u00eda de la Econom\u00eda Ecol\u00f3gica<\/i><o:p><\/o:p><\/span><\/p>\n<p style=\"margin: 0cm; font-size: 12pt; font-family: Aptos, sans-serif; color: rgb(0, 0, 0); background-image: initial; background-position: initial; background-size: initial; background-repeat: initial; background-attachment: initial; background-origin: initial; background-clip: initial; vertical-align: baseline;\"><b><span style=\"font-family: &quot;Times New Roman&quot;, serif;\">Duraci\u00f3n:<\/span><\/b><span style=\"font-family: &quot;Times New Roman&quot;, serif;\"> 30 minutos<o:p><\/o:p><\/span><\/p>\n<p style=\"margin: 0cm; font-size: 12pt; font-family: Aptos, sans-serif; color: rgb(0, 0, 0); background-image: initial; background-position: initial; background-size: initial; background-repeat: initial; background-attachment: initial; background-origin: initial; background-clip: initial; vertical-align: baseline;\"><b><span style=\"font-family: &quot;Times New Roman&quot;, serif;\">G\u00e9nero:<\/span><\/b><span style=\"font-family: &quot;Times New Roman&quot;, serif;\"> Documental ensay\u00edstico y observacional<o:p><\/o:p><\/span><\/p>\n<p style=\"margin: 0cm; font-size: 12pt; font-family: Aptos, sans-serif; color: rgb(0, 0, 0); background-image: initial; background-position: initial; background-size: initial; background-repeat: initial; background-attachment: initial; background-origin: initial; background-clip: initial; vertical-align: baseline;\"><b><span style=\"font-family: &quot;Times New Roman&quot;, serif;\">Formato:<\/span><\/b><span style=\"font-family: &quot;Times New Roman&quot;, serif;\"> FULL HD o 4k, color, est\u00e9reo<o:p><\/o:p><\/span><\/p>\n<p style=\"margin: 0cm; font-size: 12pt; font-family: Aptos, sans-serif; color: rgb(0, 0, 0); background-image: initial; background-position: initial; background-size: initial; background-repeat: initial; background-attachment: initial; background-origin: initial; background-clip: initial; vertical-align: baseline;\"><span style=\"font-family: &quot;Times New Roman&quot;, serif;\">Lugar de rodaje: Valdivia y alrededores, Regi\u00f3n de<o:p><\/o:p><\/span><\/p>\n<p style=\"margin: 0cm; font-size: 12pt; font-family: Aptos, sans-serif; color: rgb(0, 0, 0); background-image: initial; background-position: initial; background-size: initial; background-repeat: initial; background-attachment: initial; background-origin: initial; background-clip: initial; vertical-align: baseline;\"><span style=\"font-family: &quot;Times New Roman&quot;, serif;\">Los R\u00edos, Chile<o:p><\/o:p><\/span><\/p>\n<p style=\"margin: 0cm; font-size: 12pt; font-family: Aptos, sans-serif; color: rgb(0, 0, 0); background-image: initial; background-position: initial; background-size: initial; background-repeat: initial; background-attachment: initial; background-origin: initial; background-clip: initial; vertical-align: baseline;\"><span style=\"font-family: &quot;Times New Roman&quot;, serif;\">Idioma: Espa\u00f1ol<o:p><\/o:p><\/span><\/p>\n<p style=\"margin: 0cm; font-size: 12pt; font-family: Aptos, sans-serif; color: rgb(0, 0, 0); background-image: initial; background-position: initial; background-size: initial; background-repeat: initial; background-attachment: initial; background-origin: initial; background-clip: initial; vertical-align: baseline;\"><span style=\"font-family: &quot;Times New Roman&quot;, serif;\">Direcci\u00f3n y montaje: Eduardo Ch\u00e1vez Mallea<o:p><\/o:p><\/span><\/p>\n<p style=\"margin: 0cm; font-size: 12pt; font-family: Aptos, sans-serif; color: rgb(0, 0, 0); background-image: initial; background-position: initial; background-size: initial; background-repeat: initial; background-attachment: initial; background-origin: initial; background-clip: initial; vertical-align: baseline;\"><span style=\"font-family: &quot;Times New Roman&quot;, serif;\">Gui\u00f3n: Basado en el texto Filosof\u00eda de la Econom\u00eda Ecol\u00f3gica de Manfred Max-Neef<o:p><\/o:p><\/span><\/p>\n<p style=\"margin: 0cm; font-size: 12pt; font-family: Aptos, sans-serif; color: rgb(0, 0, 0); background-image: initial; background-position: initial; background-size: initial; background-repeat: initial; background-attachment: initial; background-origin: initial; background-clip: initial; vertical-align: baseline;\"><span style=\"font-family: &quot;Times New Roman&quot;, serif;\">Producci\u00f3n: Anita Contreras Uribe \u2013 Productora<o:p><\/o:p><\/span><\/p>\n<p style=\"margin: 0cm; font-size: 12pt; font-family: Aptos, sans-serif; color: rgb(0, 0, 0); background-image: initial; background-position: initial; background-size: initial; background-repeat: initial; background-attachment: initial; background-origin: initial; background-clip: initial; vertical-align: baseline;\"><span style=\"font-family: &quot;Times New Roman&quot;, serif;\">Audiovisual La Gaviota.<o:p><\/o:p><\/span><\/p>\n<p style=\"margin: 0cm; font-size: 12pt; font-family: Aptos, sans-serif; color: rgb(0, 0, 0); background-image: initial; background-position: initial; background-size: initial; background-repeat: initial; background-attachment: initial; background-origin: initial; background-clip: initial; vertical-align: baseline;\"><b><span style=\"font-family: &quot;Times New Roman&quot;, serif;\">M\u00fasica original: Tom\u00e1s Thayer<o:p><\/o:p><\/span><\/b><\/p>\n<p style=\"margin: 0cm; font-size: 12pt; font-family: Aptos, sans-serif; color: rgb(0, 0, 0); background-image: initial; background-position: initial; background-size: initial; background-repeat: initial; background-attachment: initial; background-origin: initial; background-clip: initial; vertical-align: baseline;\"><b><span style=\"font-family: &quot;Times New Roman&quot;, serif;\">Ilustraciones:<\/span><\/b><span style=\"font-family: &quot;Times New Roman&quot;, serif;\"> Bel\u00e9n Ch\u00e1vez Mallea<o:p><\/o:p><\/span><\/p>\n<p style=\"margin: 0cm; font-size: 12pt; font-family: Aptos, sans-serif; color: rgb(0, 0, 0); background-image: initial; background-position: initial; background-size: initial; background-repeat: initial; background-attachment: initial; background-origin: initial; background-clip: initial; vertical-align: baseline;\"><span style=\"font-family: &quot;Times New Roman&quot;, serif;\"><o:p>&nbsp;<\/o:p><\/span><\/p>\n<p style=\"margin: 0cm; font-size: 12pt; font-family: Aptos, sans-serif; color: rgb(0, 0, 0); background-image: initial; background-position: initial; background-size: initial; background-repeat: initial; background-attachment: initial; background-origin: initial; background-clip: initial; vertical-align: baseline;\"><b><span style=\"font-family: &quot;Times New Roman&quot;, serif;\">Descripci\u00f3n:<o:p><\/o:p><\/span><\/b><\/p>\n<p style=\"margin: 0cm 2.45pt 0cm 0cm; font-size: 12pt; font-family: Aptos, sans-serif; color: rgb(0, 0, 0); background-image: initial; background-position: initial; background-size: initial; background-repeat: initial; background-attachment: initial; background-origin: initial; background-clip: initial; vertical-align: baseline;\"><span style=\"font-family: &quot;Times New Roman&quot;, serif;\">Frente a un modelo econ\u00f3mico de continuo crecimiento que amenaza las m\u00faltiples formas de vida en el planeta, las ideas del economista chileno y Premio Nobel Alternativo Manfred Max-Neef emergen como una reflexi\u00f3n l\u00facida y urgente, que nos recuerda que sin naturaleza no hay vida, y sin vida, la econom\u00eda pierde todo sentido.<o:p><\/o:p><\/span><\/p>\n<p><\/p><\/div>\n<div><span style=\"font-weight: 400; font-size: 11pt; line-height: 16.8667px; font-family: Arial, sans-serif;\"><br><\/span><\/div>\n<p><strong><u>Conferencias<\/u><\/strong><\/p>\n<p>T<b>hayer-Morel, T. (2023)<\/b>. \u201c<em>TIC en los contenidos curriculares. Una Investigaci\u00f3n &#8211; Acci\u00f3n en relaci\u00f3n con los est\u00e1ndares educativos para mejorar las competencias digitales y su integraci\u00f3n curricular en la formaci\u00f3n inicial del profesorado de m\u00fasi<\/em>ca\u201d. XIV Conferencia Regional Latinoamericana y VI Panamericana de la Sociedad Internacional para la Educaci\u00f3n Musical, ISME. UMCE, Santiago de Chile.<\/p>\n<p>\u00c1lamos-G\u00f3mez, J., Oyanedel Silva, M., Merino Castro, C., &amp;<b> Thayer-Morel, T (2023)<\/b>. \u201c<em>Habilidades de entonaci\u00f3n en la interpretaci\u00f3n de instrumentos de cuerda frotada: percepciones de profesorado especialista en Chile<\/em>. XIV Conferencia Regional Latinoamericana y VI Panamericana de la Sociedad Internacional para la Educaci\u00f3n Musical, ISME. UMCE, Santiago de Chile.<\/p>\n<p>Thayer-Morel, T. (2022). \u201ci<em>X MusicLab, plataforma para la exploraci\u00f3n matem\u00e1tica y creaci\u00f3n musical: desarrollo del prototipo experimental de un software para aplicarse en el \u00e1rea de innovaci\u00f3n educativa inspirado en la metodolog\u00eda STEAM y aprendizaje basado en proyectos (ABP) colaborativos\u201d.<\/em> IV Congreso chileno de investigaci\u00f3n en educaci\u00f3n musical, Instituto de M\u00fasica, Universidad Alberto Hurtado. Santiago de Chile.<\/p>\n<p><strong>Publicaciones Discogr\u00e1ficas&nbsp;<\/strong><\/p>\n<p>Thayer T. (2023). \u201d<em> Vuelos de Improvisaci\u00f3n<\/em>\u201d. Ministerio de las Culturas, las Artes y el Patrimonio, Fondo de la M\u00fasica\/Producci\u00f3n de Registro Fonogr\u00e1fico\/M\u00fasica Popular Trayectoria, Folio 627161. Sello Mundovivo. Valdivia. www.musico.cl. Plataformas: Spotify: <a href=\"https:\/\/open.spotify.com\/intl-es\/album\/64T1DE3FkSQfzbQigaRxVG?si=TedNn08-TZKiZd-GAPrvhw\">https:\/\/open.spotify.com\/intl-es\/album\/64T1DE3FkSQfzbQigaRxVG?si=TedNn08-TZKiZd-GAPrvhw.&nbsp; &nbsp;<\/a><\/p>\n<p><a href=\"https:\/\/music.youtube.com\/playlist?list=OLAK5uy_laWt_8gUy8mYTzbFKmAEtl5miRDledSh4\">YoutubeMusic<\/a><\/p>\n<p><u>P<b>OSTER<\/b><\/u><\/p>\n<p><span style=\"color: #222222; font-family: Arial, sans-serif; font-size: 13px; text-align: left;\">Tejada, J., Thayer, T., &amp; Arenas, M. EducaMus: una plataforma online con software integrado para la formaci\u00f3n musical inicial y continua de docentes generalistas en Chile.&nbsp;<\/span><span style=\"color: #222222; font-family: Arial, sans-serif;\"><span style=\"font-size: 13px;\">http:\/\/media.picalab.cl\/repo\/descargas\/Publicaciones\/2018%20P%C3%B2ster-SIEM-CICREA-Val%C3%A8ncia-2018EDUMUS.pdf<\/span><\/span><\/p>\n<p><strong><u>Proyectos de Investigaci\u00f3n<\/u><\/strong><\/p>\n<p>Thayer, T., (2022 &#8211; 2023). \u201c<em>MusicMatLab: <\/em><em>iX MusicLab, plataforma para la exploraci\u00f3n matem\u00e1tica y creaci\u00f3n musical\u201d ; Desarrollo del prototipo experimental&nbsp; de un&nbsp; software para aplicarse en el \u00e1rea de innovaci\u00f3n educativa inspirado en en la metodolog\u00eda STEAM y aprendizaje basado en proyectos (ABP) colaborativos\u201d.<\/em>Proyectos de Instalaci\u00f3n Vicerrector\u00eda Investigaci\u00f3n Desarrollo y Creaci\u00f3n Art\u00edstica 2021 C\u00f3digo INS-DIN-2021-01. Acad\u00e9mico, Artes Musicales y Sonoras, Universidad Austral de Chile.<\/p>\n<p><strong>Cursos de Perfeccionamiento<\/strong><\/p>\n<p>Thayer, T. (2022). <em>Sonidos digitales: s\u00edntesis y procesamiento en el computador<\/em>. Cousera Learner. Certificado Universidad Cat\u00f3lica de Chile, Santiago de Chile; profesor: Rodrigo Cadiz Cadiz.<\/p>\n<p><strong>Nuevas C\u00e1tedras<\/strong><\/p>\n<p>(2023) Profesor Escuela de Graduados de la Facultad de Arquitectura y Artes de la Universidad Austral de Chile. Magister en estudios del Paisaje (MEP).<\/p>\n<p>(2020 \u2013 2023) Profesor Escuela de Talentos de Chile Alta-Uach. Decreto 230\/2007 de MINEDUC y sus actualizaciones.<\/p>\n<p><strong>Conciertos<\/strong><\/p>\n<p>Thayer, T. (2023). \u201c<em>Concierto de lanzamiento Vuelos de Improvisaci\u00f3n<\/em>\u201d. Fondo de la M\u00fasica\/Producci\u00f3n de Registro Fonogr\u00e1fico\/M\u00fasica Popular Trayectoria, folio 627161. Sala del Laboratorio de Imagen y Sonido (LIS), Universidad Austral de Chile. Valdivia. <a href=\"http:\/\/www.musico.cl\">www.musico.cl<\/a><\/p>\n<p>Thayer, T. (2023). <em>Concierto N\u00b01 Vuelos de Improvisaci\u00f3n<\/em>\u201d. Fondo de la M\u00fasica\/Producci\u00f3n de Registro Fonogr\u00e1fico\/M\u00fasica Popular Trayectoria, folio 627161. Anfiteatro Parque Urbano el Bosque, Valdivia. <a href=\"http:\/\/www.musico.cl\">www.musico.cl<\/a><\/p>\n<p>Thayer, T. (2021). <em>Concierto Sargam<\/em>. 5\u00aa Edici\u00f3n Festival Fluvial, Regi\u00f3n de los R\u00edos. Sello Mundovivo. Valdivia<\/p>\n<\/div>\n<div><strong>Productos Experimentales (2023)Proyecto MusicMatLab (Ragalab)<\/strong><\/div>\n<div>RAGA MAYAMALAVAG0WLA: Composici\u00f3n algor\u00edtmica Melakarta 15: Interpretada por Bansuri, Algoritmos, Mini-Korg, XPS-10 Roland<\/div>\n<div>\n<p><strong>Ponencias en congresos<\/strong><\/p>\n<p>Tejada, J.,&nbsp;<strong>Thayer, T<\/strong>., Arenas, M., (2019), \u201cEducamus Teachers: A b-learning course with training and real-time assessment software for pre-service and in-service music training of General Teachers in Chile\u201d,&nbsp; International Music and Science Symposium, Istambul Technical University, Musicology Departament.<\/p>\n<p>Tejada, J.,&nbsp;<strong>Thayer, T<\/strong>., Arenas, M., (2018) \u201cEducamus, una plataforma Online para la formaci\u00f3n continua musical del profesorado de Educaci\u00f3n General B\u00e1sica, Congreso Internacional INVEDUC 18 y 19 de enero,&nbsp; Universidad de los Lagos Osorno, Chile<\/p>\n<p><strong>Thayer, T.,<\/strong>&nbsp;Venegas, A., Tejada, J., (2018) \u201cUsing Music as Metaphor to Teaching rational Numbers through new designed software\u201d. The case of Picalab-Audiofracci\u00f3n, Conferencia: 12th International Technology Education and Development (INTED), pag. 2487 \u2013 2495, Valencia, Espa\u00f1a<\/p>\n<p>Tejada, J.,&nbsp;<strong>Thayer, T<\/strong>., Arenas, M., (2018), \u201cInternational Technology, Education and Development Conference.&nbsp; INTED \u2013 VALENCIA \u201cMUPEB. An online course with integrated software for pre-service music training of non-music primary teachers in chile\u201d Descargar comunicaci\u00f3n:&nbsp;<a href=\"https:\/\/www.researchgate.net\/publication\/323890988_MUPEB_AN_ONLINE_COURSE_WITH_INTEGRATED_SOFTWARE_FOR_PRE-SERVICE_MUSIC_TRAINING_OF_NON-MUSIC_PRIMARY_TEACHERS_IN_CHILE\">&nbsp;aqu\u00ed<\/a><\/p>\n<p>Rodr\u00edguez C., Pe\u00f1a, R. E.,<strong>&nbsp;Thayer T<\/strong>., (2018), \u201cM\u00fasica matem\u00e1tica sonora interactiva: software del proyecto Picalab como herramienta para la educaci\u00f3n matem\u00e1tica de ni\u00f1os y j\u00f3venes con situaci\u00f3n de discapacidad visual, Coloquio: Nuestra Experiencia en la M\u00fasica Di\u00e1logos Interdisciplinarios Universidad de Chile<\/p>\n<p>Tejada, J.,&nbsp;<strong>Thayer, T<\/strong>., Arenas, M., (2018), \u201cSEMPRE\u201d Conference, University of London, Poster:\u201dAn online platform with integrated software for pre and in-service music training of Chilean Primary teachers\u201d<\/p>\n<p>Tejada, J.,&nbsp;<strong>Thayer, T<\/strong>., Arenas, M., (2018), Seminario Internacional de Investigaci\u00f3n en Educaci\u00f3n Musical SIEM \u2013 CICREA 2018, Poster:\u201dEducaMus: una plataforma online con software integrado para la formaci\u00f3n musical inicial y continua de docentes generalistas en Chile\u201d, Valencia, Espa\u00f1a.<\/p>\n<p>Tejada, J.,&nbsp;<strong>Thayer, T<\/strong>. (2017) Actividades de Docencia e Investigaci\u00f3n proyecto EDUCAMUS en la Carrera de Pedagog\u00eda en M\u00fasica de la Universidad de Magallanes (UMAG) 14 al 17 de Noviembre, Punta Arenas.<\/p>\n<p>Tejada, J.,&nbsp;<strong>Thayer, T<\/strong>., Venegas, A., Ledermann, R., Lecaros, A. &amp; Petrovich, M. (2014) Matem\u00e1ticas Sonoras Interactivas. \u201cDesign, implementation and evaluation of a software package and didactic guides for mathematical education based on musical metaphors for primary education in Chile\u201d Music Education Technology SEMPRE\u2019s Conference. (Institute of Education, London.<\/p>\n<p><strong>Thayer T.,&nbsp;<\/strong>Venegas A., Tejada J., Lecaros A.(2014), AudioGr\u00e1ficos: m\u00fasica y sonido para la ense\u00f1anza de gr\u00e1ficos en educaci\u00f3n matem\u00e1tica Actas tercer Congreso Interdisciplinario de Investigaci\u00f3n en Educaci\u00f3n CIAE \u2013 CEPPE<\/p>\n<p><strong>Thayer, T<\/strong>., De la Cuadra, P., Tejada,J., Ledermann, R., C\u00e1diz, R. y Petrovich, M. (2013). AudioFracciones: dise\u00f1o, implementaci\u00f3n y evaluaci\u00f3n de un programa de ordenador para la educaci\u00f3n matem\u00e1tica primaria chilena basado en una met\u00e1fora musical. En Poblete, C. (ed.) Actas de la II Conferencia Latinoamericana de Ed. Musical. (ISME \u2013 International Society for Music Education) 1022-1025.<\/p>\n<p>Tejada, J.,&nbsp;<strong>Thayer, T<\/strong>., Arenas, M., (2018), \u201cEducaMus, Una Plataforma online para la formaci\u00f3n musical del profesorado generalista en educaci\u00f3n B\u00e1sica en Chile\u201d Coloquio: Nuestra Experiencia en la M\u00fasica Di\u00e1logos Interdisciplinarios, 11 al 13 d Enero, Universidad de Chile.<\/p>\n<p><strong>PROYECTOS INTERNACIONALES<\/strong><\/p>\n<p>Plectrus (2020 &#8211; 2023) &nbsp;\u00abDise\u00f1o y validaci\u00f3n de una soluci\u00f3n educativa para el entrenamiento y evaluaci\u00f3n de la entonaci\u00f3n vocal e instrumental en tiempo real mediante un software avanzado en l\u00ednea\u00bb (Plectrus), que est\u00e1 financiado por el Ministerio de Ciencia e Innovaci\u00f3n de Espa\u00f1a, Plan i+d+i 2019, Subprograma Fomento General del Conocimiento, (c\u00f3digo PID2019-105762GB-I00 AEI\/10.13039\/501100011033),&nbsp; Fase de Validaci\u00f3n de Software. <a href=\"https:\/\/www.plectrus.com\/#\/\">https:\/\/www.plectrus.com\/#\/<\/a><\/p>\n<p><strong>PROYECTOS NACIONALES<\/strong><\/p>\n<p>Proyecto CCICree 2020-2021 Comunidad Interdisciplinaria para la Creaci\u00f3n de Experiencias Educativas. <strong>Director : Tomas Thayer.&nbsp; Universidad Austral de Chile<\/strong>, la Pontificia Universidad Cat\u00f3lica de Valpara\u00edso, la Universidad Metropolitana de Ciencias de la Educaci\u00f3n y la Oficina de Egresados de la UMCE (SIMEDPRO), invitan a la comunidad educativa a participar de esta iniciativa de perfeccionamiento docente dirigida a profesoras y profesores de centros escolares y estudiantes de formaci\u00f3n inicial docente.<\/p>\n<p><strong>FONDEF<\/strong>. Investigador principal y director del equipo de investigaci\u00f3n del proyecto c\u00f3digo TE-10I010 T\u00edtulo: Picalab: Laboratorio virtual para el programa de innovaci\u00f3n en ciencia y arte. Musi-matem\u00e1ticas Sonoras Interactivas. Entidad financiadora: Consejo Nacional de Ciencia y Tecnolog\u00eda (CONICYT, Chile) Programa FONDEF V TIC-EDU. Duraci\u00f3n 07\/03\/2011 \u2013 07\/11\/2013 Financiaci\u00f3n recibida 186.861,00 \u20ac<\/p>\n<p><strong>Proyecto de Capital Humano Avanzado PAI:<\/strong>&nbsp;Co-Investigador y coordinador del equipo de investigaci\u00f3n proyecto: PAI80160102, T\u00edtulo: Plataformas educativas para la Ed. Art\u00edstica. Investigador principal: Jes\u00fas Tejada Gim\u00e9nez. Entidad financiadora: Consejo Nacional de Ciencia y Tecnolog\u00eda (CONICYT, Chile); Programa de Atracci\u00f3n e Inserci\u00f3n de Capital Humano Avanzado. Programa Estancias Cortas. Duraci\u00f3n (fecha inicio \u2013 01\/01\/2017 \u2013 31\/12\/2018, Financiaci\u00f3n recibida: 40.296 \u20ac<\/p>\n<p><strong>Proyecto de mejora Institucional<\/strong>&nbsp;(MIDEDUC UMCE PMI): \u201cTIC en los contenidos curriculares. Una investigaci\u00f3n en relaci\u00f3n a los est\u00e1ndares educativos para mejorar las competencias digitales y su integraci\u00f3n curricular en la formaci\u00f3n inicial del profesorado de m\u00fasica\u201d, duraci\u00f3n: 01\/12\/2018 a 26\/07\/2019 Entidad financiadora UMCE: Mineduc c\u00f3digo proyecto: PMI-EXA\/PNII\/05\/2017, Financiaci\u00f3n recibida: 8.989 \u20ac<\/p>\n<p><\/p>\n<h5>&nbsp;<\/h5>\n<\/div>\t\t\t\t\t\t<\/div>\n\t\t\t\t<\/div>\n\t\t\t\t\t<\/div>\n\t\t<\/div>\n\t\t\t\t\t<\/div>\n\t\t<\/section>\n\t\t\t\t<section class=\"elementor-section elementor-top-section elementor-element elementor-element-2351158 elementor-section-boxed elementor-section-height-default elementor-section-height-default\" data-id=\"2351158\" data-element_type=\"section\">\n\t\t\t\t\t\t<div class=\"elementor-container elementor-column-gap-default\">\n\t\t\t\t\t<div class=\"elementor-column elementor-col-100 elementor-top-column elementor-element elementor-element-f289e8f\" data-id=\"f289e8f\" data-element_type=\"column\">\n\t\t\t<div class=\"elementor-widget-wrap\">\n\t\t\t\t\t\t\t<\/div>\n\t\t<\/div>\n\t\t\t\t\t<\/div>\n\t\t<\/section>\n\t\t\t\t<section class=\"elementor-section elementor-top-section elementor-element elementor-element-2b54111 elementor-section-boxed elementor-section-height-default elementor-section-height-default\" data-id=\"2b54111\" data-element_type=\"section\">\n\t\t\t\t\t\t<div class=\"elementor-container elementor-column-gap-default\">\n\t\t\t\t\t<div class=\"elementor-column elementor-col-100 elementor-top-column elementor-element elementor-element-c7c8c1a\" data-id=\"c7c8c1a\" data-element_type=\"column\">\n\t\t\t<div class=\"elementor-widget-wrap\">\n\t\t\t\t\t\t\t<\/div>\n\t\t<\/div>\n\t\t\t\t\t<\/div>\n\t\t<\/section>\n\t\t\t\t<section class=\"elementor-section elementor-top-section elementor-element elementor-element-6ff4428 elementor-section-boxed elementor-section-height-default elementor-section-height-default\" data-id=\"6ff4428\" data-element_type=\"section\">\n\t\t\t\t\t\t<div class=\"elementor-container elementor-column-gap-default\">\n\t\t\t\t\t<div class=\"elementor-column elementor-col-100 elementor-top-column elementor-element elementor-element-80237a0\" data-id=\"80237a0\" data-element_type=\"column\">\n\t\t\t<div class=\"elementor-widget-wrap\">\n\t\t\t\t\t\t\t<\/div>\n\t\t<\/div>\n\t\t\t\t\t<\/div>\n\t\t<\/section>\n\t\t\t\t<\/div>\n\t\t","protected":false},"excerpt":{"rendered":"<p>Producci\u00f3n Acad\u00e9mica Indicador Google ScholarOrcid PUBLICACIONES Lecaros Alvarado, A. F., Espinoza D\u00edaz, O. G., Thayer-Morel, T., &amp; Alvarado Ch\u00e1vez, M. E. (2025). Implementaci\u00f3n de la inteligencia artificial en la docencia de pregrado: Percepci\u00f3n de vicerrectores acad\u00e9micos de universidades estatales chilenas]. Revista Educaci\u00f3n Superior y Sociedad, 37(1). En Prensa [ERIH Plus] \u00c1lvarez Mu\u00f1oz, P. ., &amp; [&hellip;]<\/p>\n","protected":false},"author":2,"featured_media":0,"parent":0,"menu_order":0,"comment_status":"closed","ping_status":"closed","template":"","meta":{"_acf_changed":false,"footnotes":""},"class_list":["post-3560","page","type-page","status-publish","hentry"],"acf":[],"_links":{"self":[{"href":"https:\/\/musico.cl\/sitio\/index.php?rest_route=\/wp\/v2\/pages\/3560","targetHints":{"allow":["GET"]}}],"collection":[{"href":"https:\/\/musico.cl\/sitio\/index.php?rest_route=\/wp\/v2\/pages"}],"about":[{"href":"https:\/\/musico.cl\/sitio\/index.php?rest_route=\/wp\/v2\/types\/page"}],"author":[{"embeddable":true,"href":"https:\/\/musico.cl\/sitio\/index.php?rest_route=\/wp\/v2\/users\/2"}],"replies":[{"embeddable":true,"href":"https:\/\/musico.cl\/sitio\/index.php?rest_route=%2Fwp%2Fv2%2Fcomments&post=3560"}],"version-history":[{"count":145,"href":"https:\/\/musico.cl\/sitio\/index.php?rest_route=\/wp\/v2\/pages\/3560\/revisions"}],"predecessor-version":[{"id":4328,"href":"https:\/\/musico.cl\/sitio\/index.php?rest_route=\/wp\/v2\/pages\/3560\/revisions\/4328"}],"wp:attachment":[{"href":"https:\/\/musico.cl\/sitio\/index.php?rest_route=%2Fwp%2Fv2%2Fmedia&parent=3560"}],"curies":[{"name":"wp","href":"https:\/\/api.w.org\/{rel}","templated":true}]}}