{"id":2472,"date":"2020-05-26T10:48:28","date_gmt":"2020-05-26T14:48:28","guid":{"rendered":"https:\/\/musico.cl\/sitio\/?page_id=2472"},"modified":"2023-03-11T23:05:59","modified_gmt":"2023-03-12T02:05:59","slug":"aves-y-humedales-2","status":"publish","type":"page","link":"https:\/\/musico.cl\/sitio\/?page_id=2472","title":{"rendered":"ANFIBIOS \/Sergio Araya"},"content":{"rendered":"\t\t<div data-elementor-type=\"wp-page\" data-elementor-id=\"2472\" class=\"elementor elementor-2472\">\n\t\t\t\t\t\t<section class=\"elementor-section elementor-top-section elementor-element elementor-element-100306e elementor-section-boxed elementor-section-height-default elementor-section-height-default\" data-id=\"100306e\" data-element_type=\"section\" data-settings=\"{&quot;background_background&quot;:&quot;video&quot;,&quot;background_video_link&quot;:&quot;https:\\\/\\\/musico.cl\\\/sitio\\\/wp-content\\\/uploads\\\/2022\\\/09\\\/telegram-cloud-document-1-5012572562119459600.mp4&quot;,&quot;background_video_start&quot;:1,&quot;background_play_on_mobile&quot;:&quot;yes&quot;,&quot;background_video_end&quot;:21}\">\n\t\t\t\t\t\t\t\t<div class=\"elementor-background-video-container\">\n\t\t\t\t\t\t\t\t\t\t\t\t\t<video class=\"elementor-background-video-hosted elementor-html5-video\" autoplay muted playsinline loop><\/video>\n\t\t\t\t\t\t\t\t\t\t\t<\/div>\n\t\t\t\t\t\t\t\t\t<div class=\"elementor-background-overlay\"><\/div>\n\t\t\t\t\t\t\t<div class=\"elementor-container elementor-column-gap-no\">\n\t\t\t\t\t<div class=\"elementor-column elementor-col-100 elementor-top-column elementor-element elementor-element-ca77e67\" data-id=\"ca77e67\" data-element_type=\"column\">\n\t\t\t<div class=\"elementor-widget-wrap elementor-element-populated\">\n\t\t\t\t\t\t<div class=\"elementor-element elementor-element-cda13e2 elementor-widget elementor-widget-heading\" data-id=\"cda13e2\" data-element_type=\"widget\" data-widget_type=\"heading.default\">\n\t\t\t\t<div class=\"elementor-widget-container\">\n\t\t\t<h1 class=\"elementor-heading-title elementor-size-large\">ANFIBIOS \/ SERGIO ARAYA<\/h1>\t\t<\/div>\n\t\t\t\t<\/div>\n\t\t\t\t\t<\/div>\n\t\t<\/div>\n\t\t\t\t\t<\/div>\n\t\t<\/section>\n\t\t\t\t<section class=\"elementor-section elementor-top-section elementor-element elementor-element-752f8f1 elementor-section-boxed elementor-section-height-default elementor-section-height-default\" data-id=\"752f8f1\" data-element_type=\"section\">\n\t\t\t\t\t\t<div class=\"elementor-container elementor-column-gap-no\">\n\t\t\t\t\t<div class=\"elementor-column elementor-col-100 elementor-top-column elementor-element elementor-element-f6a5384\" data-id=\"f6a5384\" data-element_type=\"column\">\n\t\t\t<div class=\"elementor-widget-wrap elementor-element-populated\">\n\t\t\t\t\t\t<div class=\"elementor-element elementor-element-5bd7bfa gallery-spacing-custom elementor-widget elementor-widget-image-gallery\" data-id=\"5bd7bfa\" data-element_type=\"widget\" data-widget_type=\"image-gallery.default\">\n\t\t\t\t<div class=\"elementor-widget-container\">\n\t\t\t\t\t<div class=\"elementor-image-gallery\">\n\t\t\t<div id='gallery-1' class='gallery galleryid-2472 gallery-columns-3 gallery-size-thumbnail'><figure class='gallery-item'>\n\t\t\t<div class='gallery-icon landscape'>\n\t\t\t\t<a data-elementor-open-lightbox=\"yes\" data-elementor-lightbox-slideshow=\"5bd7bfa\" data-elementor-lightbox-title=\"Batrachyla leptopus_Rana moteada_Corral_Los Ri\u0301os\" data-e-action-hash=\"#elementor-action%3Aaction%3Dlightbox%26settings%3DeyJpZCI6MjQ3NiwidXJsIjoiaHR0cHM6XC9cL211c2ljby5jbFwvc2l0aW9cL3dwLWNvbnRlbnRcL3VwbG9hZHNcLzIwMjNcLzAyXC9CYXRyYWNoeWxhLWxlcHRvcHVzX1JhbmEtbW90ZWFkYV9Db3JyYWxfTG9zLVJpXHUwMzAxb3Mtc2NhbGVkLmpwZyIsInNsaWRlc2hvdyI6IjViZDdiZmEifQ%3D%3D\" href='https:\/\/musico.cl\/sitio\/wp-content\/uploads\/2023\/02\/Batrachyla-leptopus_Rana-moteada_Corral_Los-Ri\u0301os-scaled.jpg'><img decoding=\"async\" width=\"150\" height=\"150\" src=\"https:\/\/musico.cl\/sitio\/wp-content\/uploads\/2023\/02\/Batrachyla-leptopus_Rana-moteada_Corral_Los-Ri\u0301os-150x150.jpg\" class=\"attachment-thumbnail size-thumbnail\" alt=\"\" aria-describedby=\"gallery-1-2476\" srcset=\"https:\/\/musico.cl\/sitio\/wp-content\/uploads\/2023\/02\/Batrachyla-leptopus_Rana-moteada_Corral_Los-Ri\u0301os-150x150.jpg 150w, https:\/\/musico.cl\/sitio\/wp-content\/uploads\/2023\/02\/Batrachyla-leptopus_Rana-moteada_Corral_Los-Ri\u0301os-500x500.jpg 500w\" sizes=\"(max-width: 150px) 100vw, 150px\" \/><\/a>\n\t\t\t<\/div>\n\t\t\t\t<figcaption class='wp-caption-text gallery-caption' id='gallery-1-2476'>\n\t\t\t\tBatrachyla leptopus_Rana moteada_Corral_Los Ri\u0301os\n\t\t\t\t<\/figcaption><\/figure><figure class='gallery-item'>\n\t\t\t<div class='gallery-icon landscape'>\n\t\t\t\t<a data-elementor-open-lightbox=\"yes\" data-elementor-lightbox-slideshow=\"5bd7bfa\" data-elementor-lightbox-title=\"Calyptocephalella gayi_Rana chilena_Coquimbo\" data-e-action-hash=\"#elementor-action%3Aaction%3Dlightbox%26settings%3DeyJpZCI6MjQ3NywidXJsIjoiaHR0cHM6XC9cL211c2ljby5jbFwvc2l0aW9cL3dwLWNvbnRlbnRcL3VwbG9hZHNcLzIwMjNcLzAyXC9DYWx5cHRvY2VwaGFsZWxsYS1nYXlpX1JhbmEtY2hpbGVuYV9Db3F1aW1iby5qcGciLCJzbGlkZXNob3ciOiI1YmQ3YmZhIn0%3D\" href='https:\/\/musico.cl\/sitio\/wp-content\/uploads\/2023\/02\/Calyptocephalella-gayi_Rana-chilena_Coquimbo.jpg'><img decoding=\"async\" width=\"150\" height=\"150\" src=\"https:\/\/musico.cl\/sitio\/wp-content\/uploads\/2023\/02\/Calyptocephalella-gayi_Rana-chilena_Coquimbo-150x150.jpg\" class=\"attachment-thumbnail size-thumbnail\" alt=\"\" aria-describedby=\"gallery-1-2477\" srcset=\"https:\/\/musico.cl\/sitio\/wp-content\/uploads\/2023\/02\/Calyptocephalella-gayi_Rana-chilena_Coquimbo-150x150.jpg 150w, https:\/\/musico.cl\/sitio\/wp-content\/uploads\/2023\/02\/Calyptocephalella-gayi_Rana-chilena_Coquimbo-500x500.jpg 500w\" sizes=\"(max-width: 150px) 100vw, 150px\" \/><\/a>\n\t\t\t<\/div>\n\t\t\t\t<figcaption class='wp-caption-text gallery-caption' id='gallery-1-2477'>\n\t\t\t\tCalyptocephalella gayi_Rana chilena_Coquimbo\n\t\t\t\t<\/figcaption><\/figure><figure class='gallery-item'>\n\t\t\t<div class='gallery-icon landscape'>\n\t\t\t\t<a data-elementor-open-lightbox=\"yes\" data-elementor-lightbox-slideshow=\"5bd7bfa\" data-elementor-lightbox-title=\"Calyptocephalella gayi_Rana chilena_Isla Teja_Los Ri\u0301os\" data-e-action-hash=\"#elementor-action%3Aaction%3Dlightbox%26settings%3DeyJpZCI6MjQ3OCwidXJsIjoiaHR0cHM6XC9cL211c2ljby5jbFwvc2l0aW9cL3dwLWNvbnRlbnRcL3VwbG9hZHNcLzIwMjNcLzAyXC9DYWx5cHRvY2VwaGFsZWxsYS1nYXlpX1JhbmEtY2hpbGVuYV9Jc2xhLVRlamFfTG9zLVJpXHUwMzAxb3Mtc2NhbGVkLmpwZyIsInNsaWRlc2hvdyI6IjViZDdiZmEifQ%3D%3D\" href='https:\/\/musico.cl\/sitio\/wp-content\/uploads\/2023\/02\/Calyptocephalella-gayi_Rana-chilena_Isla-Teja_Los-Ri\u0301os-scaled.jpg'><img decoding=\"async\" width=\"150\" height=\"150\" src=\"https:\/\/musico.cl\/sitio\/wp-content\/uploads\/2023\/02\/Calyptocephalella-gayi_Rana-chilena_Isla-Teja_Los-Ri\u0301os-150x150.jpg\" class=\"attachment-thumbnail size-thumbnail\" alt=\"\" aria-describedby=\"gallery-1-2478\" srcset=\"https:\/\/musico.cl\/sitio\/wp-content\/uploads\/2023\/02\/Calyptocephalella-gayi_Rana-chilena_Isla-Teja_Los-Ri\u0301os-150x150.jpg 150w, https:\/\/musico.cl\/sitio\/wp-content\/uploads\/2023\/02\/Calyptocephalella-gayi_Rana-chilena_Isla-Teja_Los-Ri\u0301os-500x500.jpg 500w\" sizes=\"(max-width: 150px) 100vw, 150px\" \/><\/a>\n\t\t\t<\/div>\n\t\t\t\t<figcaption class='wp-caption-text gallery-caption' id='gallery-1-2478'>\n\t\t\t\tCalyptocephalella gayi_Rana chilena_Isla Teja_Los Ri\u0301os.JPG\n\t\t\t\t<\/figcaption><\/figure><figure class='gallery-item'>\n\t\t\t<div class='gallery-icon landscape'>\n\t\t\t\t<a data-elementor-open-lightbox=\"yes\" data-elementor-lightbox-slideshow=\"5bd7bfa\" data-elementor-lightbox-title=\"Eupsophus calcaratus_Rana de hojarazca_Ancud_Los Lagos\" data-e-action-hash=\"#elementor-action%3Aaction%3Dlightbox%26settings%3DeyJpZCI6MjQ3OSwidXJsIjoiaHR0cHM6XC9cL211c2ljby5jbFwvc2l0aW9cL3dwLWNvbnRlbnRcL3VwbG9hZHNcLzIwMjNcLzAyXC9FdXBzb3BodXMtY2FsY2FyYXR1c19SYW5hLWRlLWhvamFyYXpjYV9BbmN1ZF9Mb3MtTGFnb3Mtc2NhbGVkLmpwZyIsInNsaWRlc2hvdyI6IjViZDdiZmEifQ%3D%3D\" href='https:\/\/musico.cl\/sitio\/wp-content\/uploads\/2023\/02\/Eupsophus-calcaratus_Rana-de-hojarazca_Ancud_Los-Lagos-scaled.jpg'><img loading=\"lazy\" decoding=\"async\" width=\"150\" height=\"150\" src=\"https:\/\/musico.cl\/sitio\/wp-content\/uploads\/2023\/02\/Eupsophus-calcaratus_Rana-de-hojarazca_Ancud_Los-Lagos-150x150.jpg\" class=\"attachment-thumbnail size-thumbnail\" alt=\"\" aria-describedby=\"gallery-1-2479\" srcset=\"https:\/\/musico.cl\/sitio\/wp-content\/uploads\/2023\/02\/Eupsophus-calcaratus_Rana-de-hojarazca_Ancud_Los-Lagos-150x150.jpg 150w, https:\/\/musico.cl\/sitio\/wp-content\/uploads\/2023\/02\/Eupsophus-calcaratus_Rana-de-hojarazca_Ancud_Los-Lagos-500x500.jpg 500w\" sizes=\"(max-width: 150px) 100vw, 150px\" \/><\/a>\n\t\t\t<\/div>\n\t\t\t\t<figcaption class='wp-caption-text gallery-caption' id='gallery-1-2479'>\n\t\t\t\tEupsophus calcaratus_Rana de hojarazca_Ancud_Los Lagos.jpg\n\t\t\t\t<\/figcaption><\/figure><figure class='gallery-item'>\n\t\t\t<div class='gallery-icon landscape'>\n\t\t\t\t<a data-elementor-open-lightbox=\"yes\" data-elementor-lightbox-slideshow=\"5bd7bfa\" data-elementor-lightbox-title=\"Eupsophus migueli_Rana de hojarazca_Mehui\u0301n_Los Ri\u0301os\" data-e-action-hash=\"#elementor-action%3Aaction%3Dlightbox%26settings%3DeyJpZCI6MjQ4MCwidXJsIjoiaHR0cHM6XC9cL211c2ljby5jbFwvc2l0aW9cL3dwLWNvbnRlbnRcL3VwbG9hZHNcLzIwMjNcLzAyXC9FdXBzb3BodXMtbWlndWVsaV9SYW5hLWRlLWhvamFyYXpjYV9NZWh1aVx1MDMwMW5fTG9zLVJpXHUwMzAxb3Mtc2NhbGVkLmpwZyIsInNsaWRlc2hvdyI6IjViZDdiZmEifQ%3D%3D\" href='https:\/\/musico.cl\/sitio\/wp-content\/uploads\/2023\/02\/Eupsophus-migueli_Rana-de-hojarazca_Mehui\u0301n_Los-Ri\u0301os-scaled.jpg'><img loading=\"lazy\" decoding=\"async\" width=\"150\" height=\"150\" src=\"https:\/\/musico.cl\/sitio\/wp-content\/uploads\/2023\/02\/Eupsophus-migueli_Rana-de-hojarazca_Mehui\u0301n_Los-Ri\u0301os-150x150.jpg\" class=\"attachment-thumbnail size-thumbnail\" alt=\"\" aria-describedby=\"gallery-1-2480\" srcset=\"https:\/\/musico.cl\/sitio\/wp-content\/uploads\/2023\/02\/Eupsophus-migueli_Rana-de-hojarazca_Mehui\u0301n_Los-Ri\u0301os-150x150.jpg 150w, https:\/\/musico.cl\/sitio\/wp-content\/uploads\/2023\/02\/Eupsophus-migueli_Rana-de-hojarazca_Mehui\u0301n_Los-Ri\u0301os-500x500.jpg 500w\" sizes=\"(max-width: 150px) 100vw, 150px\" \/><\/a>\n\t\t\t<\/div>\n\t\t\t\t<figcaption class='wp-caption-text gallery-caption' id='gallery-1-2480'>\n\t\t\t\tEupsophus migueli_Rana de hojarazca_Mehui\u0301n_Los Ri\u0301os.JPG\n\t\t\t\t<\/figcaption><\/figure><figure class='gallery-item'>\n\t\t\t<div class='gallery-icon landscape'>\n\t\t\t\t<a data-elementor-open-lightbox=\"yes\" data-elementor-lightbox-slideshow=\"5bd7bfa\" data-elementor-lightbox-title=\"Eupsophus roseus_Rana rosada_Pelchuqui\u0301n_Los Ri\u0301os\" data-e-action-hash=\"#elementor-action%3Aaction%3Dlightbox%26settings%3DeyJpZCI6MjQ4MSwidXJsIjoiaHR0cHM6XC9cL211c2ljby5jbFwvc2l0aW9cL3dwLWNvbnRlbnRcL3VwbG9hZHNcLzIwMjNcLzAyXC9FdXBzb3BodXMtcm9zZXVzX1JhbmEtcm9zYWRhX1BlbGNodXF1aVx1MDMwMW5fTG9zLVJpXHUwMzAxb3MuanBnIiwic2xpZGVzaG93IjoiNWJkN2JmYSJ9\" href='https:\/\/musico.cl\/sitio\/wp-content\/uploads\/2023\/02\/Eupsophus-roseus_Rana-rosada_Pelchuqui\u0301n_Los-Ri\u0301os.jpg'><img loading=\"lazy\" decoding=\"async\" width=\"150\" height=\"150\" src=\"https:\/\/musico.cl\/sitio\/wp-content\/uploads\/2023\/02\/Eupsophus-roseus_Rana-rosada_Pelchuqui\u0301n_Los-Ri\u0301os-150x150.jpg\" class=\"attachment-thumbnail size-thumbnail\" alt=\"\" aria-describedby=\"gallery-1-2481\" srcset=\"https:\/\/musico.cl\/sitio\/wp-content\/uploads\/2023\/02\/Eupsophus-roseus_Rana-rosada_Pelchuqui\u0301n_Los-Ri\u0301os-150x150.jpg 150w, https:\/\/musico.cl\/sitio\/wp-content\/uploads\/2023\/02\/Eupsophus-roseus_Rana-rosada_Pelchuqui\u0301n_Los-Ri\u0301os-500x500.jpg 500w\" sizes=\"(max-width: 150px) 100vw, 150px\" \/><\/a>\n\t\t\t<\/div>\n\t\t\t\t<figcaption class='wp-caption-text gallery-caption' id='gallery-1-2481'>\n\t\t\t\tEupsophus roseus_Rana rosada_Pelchuqui\u0301n_Los Ri\u0301os.JPG\n\t\t\t\t<\/figcaption><\/figure><figure class='gallery-item'>\n\t\t\t<div class='gallery-icon landscape'>\n\t\t\t\t<a data-elementor-open-lightbox=\"yes\" data-elementor-lightbox-slideshow=\"5bd7bfa\" data-elementor-lightbox-title=\"Eupsophus vertebralis_Rana de hojarazca grande_Mehui\u0301n_Los Ri\u0301os\" data-e-action-hash=\"#elementor-action%3Aaction%3Dlightbox%26settings%3DeyJpZCI6MjQ4MiwidXJsIjoiaHR0cHM6XC9cL211c2ljby5jbFwvc2l0aW9cL3dwLWNvbnRlbnRcL3VwbG9hZHNcLzIwMjNcLzAyXC9FdXBzb3BodXMtdmVydGVicmFsaXNfUmFuYS1kZS1ob2phcmF6Y2EtZ3JhbmRlX01laHVpXHUwMzAxbl9Mb3MtUmlcdTAzMDFvcy1zY2FsZWQuanBnIiwic2xpZGVzaG93IjoiNWJkN2JmYSJ9\" href='https:\/\/musico.cl\/sitio\/wp-content\/uploads\/2023\/02\/Eupsophus-vertebralis_Rana-de-hojarazca-grande_Mehui\u0301n_Los-Ri\u0301os-scaled.jpg'><img loading=\"lazy\" decoding=\"async\" width=\"150\" height=\"150\" src=\"https:\/\/musico.cl\/sitio\/wp-content\/uploads\/2023\/02\/Eupsophus-vertebralis_Rana-de-hojarazca-grande_Mehui\u0301n_Los-Ri\u0301os-150x150.jpg\" class=\"attachment-thumbnail size-thumbnail\" alt=\"\" aria-describedby=\"gallery-1-2482\" srcset=\"https:\/\/musico.cl\/sitio\/wp-content\/uploads\/2023\/02\/Eupsophus-vertebralis_Rana-de-hojarazca-grande_Mehui\u0301n_Los-Ri\u0301os-150x150.jpg 150w, https:\/\/musico.cl\/sitio\/wp-content\/uploads\/2023\/02\/Eupsophus-vertebralis_Rana-de-hojarazca-grande_Mehui\u0301n_Los-Ri\u0301os-500x500.jpg 500w\" sizes=\"(max-width: 150px) 100vw, 150px\" \/><\/a>\n\t\t\t<\/div>\n\t\t\t\t<figcaption class='wp-caption-text gallery-caption' id='gallery-1-2482'>\n\t\t\t\tEupsophus vertebralis_Rana de hojarazca grande_Mehui\u0301n_Los Ri\u0301os.JPG\n\t\t\t\t<\/figcaption><\/figure><figure class='gallery-item'>\n\t\t\t<div class='gallery-icon landscape'>\n\t\t\t\t<a data-elementor-open-lightbox=\"yes\" data-elementor-lightbox-slideshow=\"5bd7bfa\" data-elementor-lightbox-title=\"Rhinoderma darwinii_Ranita de Darwin_Nahuelbuta_Araucania\" data-e-action-hash=\"#elementor-action%3Aaction%3Dlightbox%26settings%3DeyJpZCI6MjQ4NSwidXJsIjoiaHR0cHM6XC9cL211c2ljby5jbFwvc2l0aW9cL3dwLWNvbnRlbnRcL3VwbG9hZHNcLzIwMjNcLzAyXC9SaGlub2Rlcm1hLWRhcndpbmlpX1Jhbml0YS1kZS1EYXJ3aW5fTmFodWVsYnV0YV9BcmF1Y2FuaWEtc2NhbGVkLmpwZyIsInNsaWRlc2hvdyI6IjViZDdiZmEifQ%3D%3D\" href='https:\/\/musico.cl\/sitio\/wp-content\/uploads\/2023\/02\/Rhinoderma-darwinii_Ranita-de-Darwin_Nahuelbuta_Araucania-scaled.jpg'><img loading=\"lazy\" decoding=\"async\" width=\"150\" height=\"150\" src=\"https:\/\/musico.cl\/sitio\/wp-content\/uploads\/2023\/02\/Rhinoderma-darwinii_Ranita-de-Darwin_Nahuelbuta_Araucania-150x150.jpg\" class=\"attachment-thumbnail size-thumbnail\" alt=\"\" aria-describedby=\"gallery-1-2485\" srcset=\"https:\/\/musico.cl\/sitio\/wp-content\/uploads\/2023\/02\/Rhinoderma-darwinii_Ranita-de-Darwin_Nahuelbuta_Araucania-150x150.jpg 150w, https:\/\/musico.cl\/sitio\/wp-content\/uploads\/2023\/02\/Rhinoderma-darwinii_Ranita-de-Darwin_Nahuelbuta_Araucania-500x500.jpg 500w\" sizes=\"(max-width: 150px) 100vw, 150px\" \/><\/a>\n\t\t\t<\/div>\n\t\t\t\t<figcaption class='wp-caption-text gallery-caption' id='gallery-1-2485'>\n\t\t\t\tRhinoderma darwinii_Ranita de Darwin_Nahuelbuta_Araucania.jpg\n\t\t\t\t<\/figcaption><\/figure><figure class='gallery-item'>\n\t\t\t<div class='gallery-icon landscape'>\n\t\t\t\t<a data-elementor-open-lightbox=\"yes\" data-elementor-lightbox-slideshow=\"5bd7bfa\" data-elementor-lightbox-title=\"Telmatobufo venustus_Sapo hermoso_Altos de Lircay_El Maule\" data-e-action-hash=\"#elementor-action%3Aaction%3Dlightbox%26settings%3DeyJpZCI6MjQ4NiwidXJsIjoiaHR0cHM6XC9cL211c2ljby5jbFwvc2l0aW9cL3dwLWNvbnRlbnRcL3VwbG9hZHNcLzIwMjNcLzAyXC9UZWxtYXRvYnVmby12ZW51c3R1c19TYXBvLWhlcm1vc29fQWx0b3MtZGUtTGlyY2F5X0VsLU1hdWxlLXNjYWxlZC5qcGciLCJzbGlkZXNob3ciOiI1YmQ3YmZhIn0%3D\" href='https:\/\/musico.cl\/sitio\/wp-content\/uploads\/2023\/02\/Telmatobufo-venustus_Sapo-hermoso_Altos-de-Lircay_El-Maule-scaled.jpg'><img loading=\"lazy\" decoding=\"async\" width=\"150\" height=\"150\" src=\"https:\/\/musico.cl\/sitio\/wp-content\/uploads\/2023\/02\/Telmatobufo-venustus_Sapo-hermoso_Altos-de-Lircay_El-Maule-150x150.jpg\" class=\"attachment-thumbnail size-thumbnail\" alt=\"\" aria-describedby=\"gallery-1-2486\" srcset=\"https:\/\/musico.cl\/sitio\/wp-content\/uploads\/2023\/02\/Telmatobufo-venustus_Sapo-hermoso_Altos-de-Lircay_El-Maule-150x150.jpg 150w, https:\/\/musico.cl\/sitio\/wp-content\/uploads\/2023\/02\/Telmatobufo-venustus_Sapo-hermoso_Altos-de-Lircay_El-Maule-500x500.jpg 500w\" sizes=\"(max-width: 150px) 100vw, 150px\" \/><\/a>\n\t\t\t<\/div>\n\t\t\t\t<figcaption class='wp-caption-text gallery-caption' id='gallery-1-2486'>\n\t\t\t\tTelmatobufo venustus_Sapo hermoso_Altos de Lircay_El Maule.jpg\n\t\t\t\t<\/figcaption><\/figure><figure class='gallery-item'>\n\t\t\t<div class='gallery-icon landscape'>\n\t\t\t\t<a data-elementor-open-lightbox=\"yes\" data-elementor-lightbox-slideshow=\"5bd7bfa\" data-elementor-lightbox-title=\"Batrachyla antartandica_Rana jaspeada_Mehui\u0301n_Los Ri\u0301os\" data-e-action-hash=\"#elementor-action%3Aaction%3Dlightbox%26settings%3DeyJpZCI6MjY4MywidXJsIjoiaHR0cHM6XC9cL211c2ljby5jbFwvc2l0aW9cL3dwLWNvbnRlbnRcL3VwbG9hZHNcLzIwMjNcLzAzXC9CYXRyYWNoeWxhLWFudGFydGFuZGljYV9SYW5hLWphc3BlYWRhX01laHVpXHUwMzAxbl9Mb3MtUmlcdTAzMDFvcy5qcGciLCJzbGlkZXNob3ciOiI1YmQ3YmZhIn0%3D\" href='https:\/\/musico.cl\/sitio\/wp-content\/uploads\/2023\/03\/Batrachyla-antartandica_Rana-jaspeada_Mehui\u0301n_Los-Ri\u0301os.jpg'><img loading=\"lazy\" decoding=\"async\" width=\"150\" height=\"150\" src=\"https:\/\/musico.cl\/sitio\/wp-content\/uploads\/2023\/03\/Batrachyla-antartandica_Rana-jaspeada_Mehui\u0301n_Los-Ri\u0301os-150x150.jpg\" class=\"attachment-thumbnail size-thumbnail\" alt=\"\" aria-describedby=\"gallery-1-2683\" srcset=\"https:\/\/musico.cl\/sitio\/wp-content\/uploads\/2023\/03\/Batrachyla-antartandica_Rana-jaspeada_Mehui\u0301n_Los-Ri\u0301os-150x150.jpg 150w, https:\/\/musico.cl\/sitio\/wp-content\/uploads\/2023\/03\/Batrachyla-antartandica_Rana-jaspeada_Mehui\u0301n_Los-Ri\u0301os-500x500.jpg 500w\" sizes=\"(max-width: 150px) 100vw, 150px\" \/><\/a>\n\t\t\t<\/div>\n\t\t\t\t<figcaption class='wp-caption-text gallery-caption' id='gallery-1-2683'>\n\t\t\t\tBatrachyla antartandica_Rana jaspeada_Mehui\u0301n_Los Ri\u0301os\n\t\t\t\t<\/figcaption><\/figure><figure class='gallery-item'>\n\t\t\t<div class='gallery-icon landscape'>\n\t\t\t\t<a data-elementor-open-lightbox=\"yes\" data-elementor-lightbox-slideshow=\"5bd7bfa\" data-elementor-lightbox-title=\"Insuetophrynus acarpicus_Rana de Mehui\u0301n_Mehui\u0301n_Los Ri\u0301os\" data-e-action-hash=\"#elementor-action%3Aaction%3Dlightbox%26settings%3DeyJpZCI6MjY4NCwidXJsIjoiaHR0cHM6XC9cL211c2ljby5jbFwvc2l0aW9cL3dwLWNvbnRlbnRcL3VwbG9hZHNcLzIwMjNcLzAzXC9JbnN1ZXRvcGhyeW51cy1hY2FycGljdXNfUmFuYS1kZS1NZWh1aVx1MDMwMW5fTWVodWlcdTAzMDFuX0xvcy1SaVx1MDMwMW9zLmpwZyIsInNsaWRlc2hvdyI6IjViZDdiZmEifQ%3D%3D\" href='https:\/\/musico.cl\/sitio\/wp-content\/uploads\/2023\/03\/Insuetophrynus-acarpicus_Rana-de-Mehui\u0301n_Mehui\u0301n_Los-Ri\u0301os.jpg'><img loading=\"lazy\" decoding=\"async\" width=\"150\" height=\"150\" src=\"https:\/\/musico.cl\/sitio\/wp-content\/uploads\/2023\/03\/Insuetophrynus-acarpicus_Rana-de-Mehui\u0301n_Mehui\u0301n_Los-Ri\u0301os-150x150.jpg\" class=\"attachment-thumbnail size-thumbnail\" alt=\"\" aria-describedby=\"gallery-1-2684\" srcset=\"https:\/\/musico.cl\/sitio\/wp-content\/uploads\/2023\/03\/Insuetophrynus-acarpicus_Rana-de-Mehui\u0301n_Mehui\u0301n_Los-Ri\u0301os-150x150.jpg 150w, https:\/\/musico.cl\/sitio\/wp-content\/uploads\/2023\/03\/Insuetophrynus-acarpicus_Rana-de-Mehui\u0301n_Mehui\u0301n_Los-Ri\u0301os-500x500.jpg 500w\" sizes=\"(max-width: 150px) 100vw, 150px\" \/><\/a>\n\t\t\t<\/div>\n\t\t\t\t<figcaption class='wp-caption-text gallery-caption' id='gallery-1-2684'>\n\t\t\t\tInsuetophrynus acarpicus_Rana de Mehui\u0301n_Mehui\u0301n_Los Ri\u0301os\n\t\t\t\t<\/figcaption><\/figure><figure class='gallery-item'>\n\t\t\t<div class='gallery-icon landscape'>\n\t\t\t\t<a data-elementor-open-lightbox=\"yes\" data-elementor-lightbox-slideshow=\"5bd7bfa\" data-elementor-lightbox-title=\"Calyptocephalella gayi_Rana chilena_Isla Teja_Los Ri\u0301os\" data-e-action-hash=\"#elementor-action%3Aaction%3Dlightbox%26settings%3DeyJpZCI6MjY4NiwidXJsIjoiaHR0cHM6XC9cL211c2ljby5jbFwvc2l0aW9cL3dwLWNvbnRlbnRcL3VwbG9hZHNcLzIwMjNcLzAzXC9DYWx5cHRvY2VwaGFsZWxsYS1nYXlpX1JhbmEtY2hpbGVuYV9Jc2xhLVRlamFfTG9zLVJpXHUwMzAxb3MuanBnIiwic2xpZGVzaG93IjoiNWJkN2JmYSJ9\" href='https:\/\/musico.cl\/sitio\/wp-content\/uploads\/2023\/03\/Calyptocephalella-gayi_Rana-chilena_Isla-Teja_Los-Ri\u0301os.jpg'><img loading=\"lazy\" decoding=\"async\" width=\"150\" height=\"150\" src=\"https:\/\/musico.cl\/sitio\/wp-content\/uploads\/2023\/03\/Calyptocephalella-gayi_Rana-chilena_Isla-Teja_Los-Ri\u0301os-150x150.jpg\" class=\"attachment-thumbnail size-thumbnail\" alt=\"\" aria-describedby=\"gallery-1-2686\" srcset=\"https:\/\/musico.cl\/sitio\/wp-content\/uploads\/2023\/03\/Calyptocephalella-gayi_Rana-chilena_Isla-Teja_Los-Ri\u0301os-150x150.jpg 150w, https:\/\/musico.cl\/sitio\/wp-content\/uploads\/2023\/03\/Calyptocephalella-gayi_Rana-chilena_Isla-Teja_Los-Ri\u0301os-500x500.jpg 500w\" sizes=\"(max-width: 150px) 100vw, 150px\" \/><\/a>\n\t\t\t<\/div>\n\t\t\t\t<figcaption class='wp-caption-text gallery-caption' id='gallery-1-2686'>\n\t\t\t\tCalyptocephalella gayi_Rana chilena_Isla Teja_Los Ri\u0301os\n\t\t\t\t<\/figcaption><\/figure>\n\t\t<\/div>\n\t\t<\/div>\n\t\t\t\t<\/div>\n\t\t\t\t<\/div>\n\t\t\t\t<div class=\"elementor-element elementor-element-206e74f elementor-widget elementor-widget-heading\" data-id=\"206e74f\" data-element_type=\"widget\" data-widget_type=\"heading.default\">\n\t\t\t\t<div class=\"elementor-widget-container\">\n\t\t\t<h3 class=\"elementor-heading-title elementor-size-default\">Anfibios: cantores de los humedales<\/h3>\t\t<\/div>\n\t\t\t\t<\/div>\n\t\t\t\t<div class=\"elementor-element elementor-element-be4c644 elementor-widget elementor-widget-text-editor\" data-id=\"be4c644\" data-element_type=\"widget\" data-widget_type=\"text-editor.default\">\n\t\t\t\t<div class=\"elementor-widget-container\">\n\t\t\t\t\t\t\t<p class=\"p1\" style=\"margin-right: 0px; margin-bottom: 10.7px; margin-left: 0px; text-align: justify; font-variant-numeric: normal; font-variant-east-asian: normal; font-stretch: normal; font-size: 14.7px; line-height: normal; font-family: Helvetica; color: rgb(0, 0, 0);\"><span class=\"s1\" style=\"font-kerning: none;\">Sapos y ranas viven en estrecha relaci\u00f3n con los humedales, son su hogar: esteros, riachuelos, lagos, lagunas, charcos, r\u00edos, bofedales, vegas, pantanos, mallines, \u00f1adis y pomponales. La \u00fanica condici\u00f3n es que sean de agua dulce, incluso la hojarasca h\u00fameda del bosque es un buen lugar para estos peque\u00f1os animales.<\/span><\/p><p class=\"p1\" style=\"margin-right: 0px; margin-bottom: 10.7px; margin-left: 0px; text-align: justify; font-variant-numeric: normal; font-variant-east-asian: normal; font-stretch: normal; font-size: 14.7px; line-height: normal; font-family: Helvetica; color: rgb(0, 0, 0);\"><span class=\"s1\" style=\"font-kerning: none;\">Para los anfibios mantener su piel mojada es vital, porque en parte respiran por ella y para que eso ocurra tiene que estar h\u00fameda. Otra gran raz\u00f3n: ponen sus huevos en lugares h\u00famedos o directamente en el agua. &nbsp;Su ciclo de vida depende de la presencia de agua. Esta relaci\u00f3n anfibio-agua es tan potente, que es considerada sagrada para muchos pueblos ancestrales.<\/span><\/p><p class=\"p1\" style=\"margin-right: 0px; margin-bottom: 10.7px; margin-left: 0px; text-align: justify; font-variant-numeric: normal; font-variant-east-asian: normal; font-stretch: normal; font-size: 14.7px; line-height: normal; font-family: Helvetica; color: rgb(0, 0, 0);\"><span class=\"s1\" style=\"font-kerning: none;\">Anfibio significa \u201cdoble vida\u201d, porque que en una primera etapa son como un peque\u00f1o pez o <i>pirihu\u00edn <\/i>que respira y hace su vida<i> <\/i>en el agua. Luego de un tiempo, viene la gran transformaci\u00f3n de su cuerpo \u2013 o metamorfosis \u2013 proceso en el que algunos de los cambios incluyen la absorci\u00f3n de la su cola, aparici\u00f3n de las caracter\u00edsticas extremidades largas que les permiten saltar y pulmones nuevos para respirar fuera del agua.<\/span><\/p><p class=\"p1\" style=\"margin-right: 0px; margin-bottom: 10.7px; margin-left: 0px; text-align: justify; font-variant-numeric: normal; font-variant-east-asian: normal; font-stretch: normal; font-size: 14.7px; line-height: normal; font-family: Helvetica; color: rgb(0, 0, 0);\"><span class=\"s1\" style=\"font-kerning: none;\">Para comunicarse muchos anfibios cantan (hay algunas especies que no lo hacen, o hasta ahora no se ha descubierto que lo hagan), es su medio de comunicaci\u00f3n y lo que sabemos gracias a los cient\u00edficos que los estudian, es que principalmente se trata de llamados, cantos o voces de los machos para atraer a las hembras en per\u00edodos de reproducci\u00f3n. Las hembras tambi\u00e9n pueden vocalizar, aunque lo hacen con menos frecuencia; estas voces les permiten elegir a su pareja, ya que el sonido puede transmitir informaci\u00f3n sobre los atributos del cantante.<span class=\"Apple-converted-space\">&nbsp;<\/span><\/span><\/p><p class=\"p1\" style=\"margin-right: 0px; margin-bottom: 10.7px; margin-left: 0px; text-align: justify; font-variant-numeric: normal; font-variant-east-asian: normal; font-stretch: normal; font-size: 14.7px; line-height: normal; font-family: Helvetica; color: rgb(0, 0, 0);\"><span class=\"s1\" style=\"font-kerning: none;\">Durante las noches, suelen cantar formando sonoros coros de muchos individuos croando a la vez, &nbsp;aunque en algunas ocasiones se les puede o\u00edr de d\u00eda, incluso en algunos humedales urbanos.&nbsp; &nbsp;<\/span><\/p><p class=\"p1\" style=\"margin-right: 0px; margin-bottom: 10.7px; margin-left: 0px; text-align: justify; font-variant-numeric: normal; font-variant-east-asian: normal; font-stretch: normal; font-size: 14.7px; line-height: normal; font-family: Helvetica; color: rgb(0, 0, 0);\"><span class=\"s1\" style=\"font-kerning: none;\">En Chile habitan m\u00e1s de 60 especies de anfibios que se distribuyen por casi todo el territorio, excepto en el desierto absoluto y en los hielos como glaciares, campos de hielo y la Ant\u00e1rtica. En muchos de sus humedales se les puede escuchar, formando parte importante del paisaje sonoro nocturno.&nbsp;<span class=\"Apple-converted-space\">&nbsp;<\/span><\/span><\/p><p class=\"p1\" style=\"margin-right: 0px; margin-bottom: 10.7px; margin-left: 0px; text-align: justify; font-variant-numeric: normal; font-variant-east-asian: normal; font-stretch: normal; font-size: 14.7px; line-height: normal; font-family: Helvetica; color: rgb(0, 0, 0);\"><span class=\"s1\" style=\"font-kerning: none;\">Cada especie tiene un canto caracter\u00edstico que nos permite distinguirla al escucharlas, reconociendo la m\u00fasica propia de cada una.<\/span><\/p><p class=\"p1\" style=\"margin-right: 0px; margin-bottom: 10.7px; margin-left: 0px; text-align: justify; font-variant-numeric: normal; font-variant-east-asian: normal; font-stretch: normal; font-size: 14.7px; line-height: normal; font-family: Helvetica; color: rgb(0, 0, 0);\"><span class=\"s1\" style=\"font-kerning: none;\">Producto del cambio clim\u00e1tico y la destrucci\u00f3n de sus h\u00e1bitats, en muchos lugares del mundo sus poblaciones est\u00e1n disminuyendo o francamente desapareciendo. La invitaci\u00f3n es a conocer y cuidar a nuestros anfibios, para que en los humedales siempre sigan cantando.<\/span><\/p>\t\t\t\t\t\t<\/div>\n\t\t\t\t<\/div>\n\t\t\t\t\t<\/div>\n\t\t<\/div>\n\t\t\t\t\t<\/div>\n\t\t<\/section>\n\t\t\t\t<\/div>\n\t\t","protected":false},"excerpt":{"rendered":"<p>ANFIBIOS \/ SERGIO ARAYA Batrachyla leptopus_Rana moteada_Corral_Los Ri\u0301os Calyptocephalella gayi_Rana chilena_Coquimbo Calyptocephalella gayi_Rana chilena_Isla Teja_Los Ri\u0301os.JPG Eupsophus calcaratus_Rana de hojarazca_Ancud_Los Lagos.jpg Eupsophus migueli_Rana de hojarazca_Mehui\u0301n_Los Ri\u0301os.JPG Eupsophus roseus_Rana rosada_Pelchuqui\u0301n_Los Ri\u0301os.JPG Eupsophus vertebralis_Rana de hojarazca grande_Mehui\u0301n_Los Ri\u0301os.JPG Rhinoderma darwinii_Ranita de Darwin_Nahuelbuta_Araucania.jpg Telmatobufo venustus_Sapo hermoso_Altos de Lircay_El Maule.jpg Batrachyla antartandica_Rana jaspeada_Mehui\u0301n_Los Ri\u0301os Insuetophrynus acarpicus_Rana de Mehui\u0301n_Mehui\u0301n_Los Ri\u0301os [&hellip;]<\/p>\n","protected":false},"author":2,"featured_media":0,"parent":0,"menu_order":0,"comment_status":"closed","ping_status":"closed","template":"full-width.php","meta":{"_acf_changed":false,"footnotes":""},"class_list":["post-2472","page","type-page","status-publish","hentry"],"acf":[],"_links":{"self":[{"href":"https:\/\/musico.cl\/sitio\/index.php?rest_route=\/wp\/v2\/pages\/2472","targetHints":{"allow":["GET"]}}],"collection":[{"href":"https:\/\/musico.cl\/sitio\/index.php?rest_route=\/wp\/v2\/pages"}],"about":[{"href":"https:\/\/musico.cl\/sitio\/index.php?rest_route=\/wp\/v2\/types\/page"}],"author":[{"embeddable":true,"href":"https:\/\/musico.cl\/sitio\/index.php?rest_route=\/wp\/v2\/users\/2"}],"replies":[{"embeddable":true,"href":"https:\/\/musico.cl\/sitio\/index.php?rest_route=%2Fwp%2Fv2%2Fcomments&post=2472"}],"version-history":[{"count":16,"href":"https:\/\/musico.cl\/sitio\/index.php?rest_route=\/wp\/v2\/pages\/2472\/revisions"}],"predecessor-version":[{"id":2793,"href":"https:\/\/musico.cl\/sitio\/index.php?rest_route=\/wp\/v2\/pages\/2472\/revisions\/2793"}],"wp:attachment":[{"href":"https:\/\/musico.cl\/sitio\/index.php?rest_route=%2Fwp%2Fv2%2Fmedia&parent=2472"}],"curies":[{"name":"wp","href":"https:\/\/api.w.org\/{rel}","templated":true}]}}